{"id":259,"date":"2016-05-23T10:32:02","date_gmt":"2016-05-23T10:32:02","guid":{"rendered":"http:\/\/test.kriesi.at\/enfold-health-coach\/?page_id=259"},"modified":"2025-01-11T06:40:29","modified_gmt":"2025-01-11T05:40:29","slug":"blog","status":"publish","type":"page","link":"https:\/\/www.amandineverdier-psychotherapie.com\/blog\/","title":{"rendered":"Blog"},"content":{"rendered":"\n<style type=\"text\/css\" data-created_by=\"avia_inline_auto\" id=\"style-css-av-l0wgd51s-859d020b5f50b4cf59afae8352e2eca2\">\n.avia-section.av-l0wgd51s-859d020b5f50b4cf59afae8352e2eca2{\nbackground-color:#8e4e77;\nbackground:linear-gradient( to top right, #8e4e77, #8c6989, #82617d );\n}\n<\/style>\n<div id='av_section_1'  class='avia-section av-l0wgd51s-859d020b5f50b4cf59afae8352e2eca2 footer_color avia-section-default avia-no-shadow  avia-builder-el-0  el_before_av_section  avia-builder-el-first  avia-bg-style-scroll av-minimum-height av-minimum-height-25 av-height-25  container_wrap fullsize'   data-av_minimum_height_pc='25' data-av_min_height_opt='25'><div class='container av-section-cont-open' ><main  role=\"main\" itemprop=\"mainContentOfPage\"  class='template-page content  av-content-full alpha units'><div class='post-entry post-entry-type-page post-entry-259'><div class='entry-content-wrapper clearfix'>\n\n<style type=\"text\/css\" data-created_by=\"avia_inline_auto\" id=\"style-css-av-l0wgcpt3-e58f410bdc940deeaa609a287d04de55\">\n#top .av-special-heading.av-l0wgcpt3-e58f410bdc940deeaa609a287d04de55{\npadding-bottom:10px;\n}\nbody .av-special-heading.av-l0wgcpt3-e58f410bdc940deeaa609a287d04de55 .av-special-heading-tag .heading-char{\nfont-size:25px;\n}\n.av-special-heading.av-l0wgcpt3-e58f410bdc940deeaa609a287d04de55 .av-subheading{\nfont-size:15px;\n}\n<\/style>\n<div  class='av-special-heading av-l0wgcpt3-e58f410bdc940deeaa609a287d04de55 av-special-heading-h1 meta-heading blockquote modern-quote modern-centered  avia-builder-el-1  avia-builder-el-no-sibling '><h1 class='av-special-heading-tag '  itemprop=\"headline\"  >Soin Holistique<\/h1><div class=\"special-heading-border\"><div class=\"special-heading-inner-border\"><\/div><\/div><\/div>\n\n<\/div><\/div><\/main><!-- close content main element --><\/div><\/div>\n<style type=\"text\/css\" data-created_by=\"avia_inline_auto\" id=\"style-css-av-fkjzf-b3e886ee9469641319ae2b4a664e492b\">\n.avia-section.av-fkjzf-b3e886ee9469641319ae2b4a664e492b{\nbackground-color:#a37a9c;\nbackground-image:unset;\n}\n<\/style>\n<div id='av_section_2'  class='avia-section av-fkjzf-b3e886ee9469641319ae2b4a664e492b main_color avia-section-default avia-no-border-styling  avia-builder-el-2  el_after_av_section  el_before_av_section  avia-bg-style-scroll container_wrap fullsize'  ><div class='container av-section-cont-open' ><div class='template-page content  av-content-full alpha units'><div class='post-entry post-entry-type-page post-entry-259'><div class='entry-content-wrapper clearfix'>\n<section  class='av_textblock_section av-l0w9rjz3-687a41d5ba7b3fbff293b84463286e1e '   itemscope=\"itemscope\" itemtype=\"https:\/\/schema.org\/CreativeWork\" ><div class='avia_textblock'  itemprop=\"text\" ><h1 style=\"text-align: center;\"><\/h1>\n<div  class='hr av-bqv6z-00a9db2376d2af087c7bfa6ad3b94b5f hr-short  avia-builder-el-4  avia-builder-el-no-sibling  hr-center'><span class='hr-inner '><span class=\"hr-inner-style\"><\/span><\/span><\/div>\n<p><img loading=\"lazy\" decoding=\"async\" class=\"alignnone size-medium wp-image-2889 aligncenter\" src=\"https:\/\/www.amandineverdier-psychotherapie.com\/wp-content\/uploads\/2022\/03\/1-300x282.webp\" alt=\"\" width=\"300\" height=\"282\" srcset=\"https:\/\/www.amandineverdier-psychotherapie.com\/wp-content\/uploads\/2022\/03\/1-300x282.webp 300w, https:\/\/www.amandineverdier-psychotherapie.com\/wp-content\/uploads\/2022\/03\/1.webp 562w\" sizes=\"auto, (max-width: 300px) 100vw, 300px\" \/><\/p>\n<\/div><\/section>\n<section  class='av_textblock_section av-l1nc1nqf-55d321c800e91ef2d2e81e482c0b0849 '   itemscope=\"itemscope\" itemtype=\"https:\/\/schema.org\/CreativeWork\" ><div class='avia_textblock'  itemprop=\"text\" ><p>Les soins \u00e9nerg\u00e9tiques holistiques que je propose sont intuitifs. Ils agissent en profondeur sur les douleurs physiques, les\u00a0difficult\u00e9s \u00e9motionnelles, les\u00a0souffrances psychologiques et sur nos m\u00e9moires cellulaires. Ils r\u00e9activent l\u2019\u00e9nergie vitale et mettent en \u0153uvre un processus complet de retour \u00e0 l\u2019\u00e9quilibre des diff\u00e9rents chakras et corps subtiles qui peuvent \u00eatre bloqu\u00e9s. Ils permettent de d\u00e9cristalliser les m\u00e9moires cellulaires bloqu\u00e9es\u00a0dans vos diff\u00e9rentes vies ou dans votre lign\u00e9e familiale.<\/p>\n<p><img loading=\"lazy\" decoding=\"async\" class=\"wp-image-2890 aligncenter\" src=\"https:\/\/www.amandineverdier-psychotherapie.com\/wp-content\/uploads\/2022\/03\/2-300x300.jpg\" alt=\"\" width=\"253\" height=\"253\" srcset=\"https:\/\/www.amandineverdier-psychotherapie.com\/wp-content\/uploads\/2022\/03\/2-300x300.jpg 300w, https:\/\/www.amandineverdier-psychotherapie.com\/wp-content\/uploads\/2022\/03\/2-80x80.jpg 80w, https:\/\/www.amandineverdier-psychotherapie.com\/wp-content\/uploads\/2022\/03\/2-768x769.jpg 768w, https:\/\/www.amandineverdier-psychotherapie.com\/wp-content\/uploads\/2022\/03\/2-36x36.jpg 36w, https:\/\/www.amandineverdier-psychotherapie.com\/wp-content\/uploads\/2022\/03\/2-180x180.jpg 180w, https:\/\/www.amandineverdier-psychotherapie.com\/wp-content\/uploads\/2022\/03\/2-705x705.jpg 705w, https:\/\/www.amandineverdier-psychotherapie.com\/wp-content\/uploads\/2022\/03\/2.jpg 794w\" sizes=\"auto, (max-width: 253px) 100vw, 253px\" \/><\/p>\n<p>Ces soins vous permettront d&rsquo;\u00e9lever votre taux vibratoire, je pr\u00e9conise de faire minimum 2 soins par ans et quand vous traversez des situations douloureuses suite \u00e0 des \u00e9v\u00e9nements\u00a0 marquants.<\/p>\n<p>Lors de mes soins je peux \u00eatre emmener \u00e0 travailler avec des outils comme des oracles ou bien du Palo Santo, ainsi que de pauser des intentions ou des protections si mon ressenti m&rsquo;aiguille dans ce sens la.<\/p>\n<p><img loading=\"lazy\" decoding=\"async\" class=\"size-medium wp-image-2891 aligncenter\" src=\"https:\/\/www.amandineverdier-psychotherapie.com\/wp-content\/uploads\/2022\/03\/3-min-300x200.jpg\" alt=\"\" width=\"300\" height=\"200\" srcset=\"https:\/\/www.amandineverdier-psychotherapie.com\/wp-content\/uploads\/2022\/03\/3-min-300x200.jpg 300w, https:\/\/www.amandineverdier-psychotherapie.com\/wp-content\/uploads\/2022\/03\/3-min-1030x688.jpg 1030w, https:\/\/www.amandineverdier-psychotherapie.com\/wp-content\/uploads\/2022\/03\/3-min-768x513.jpg 768w, https:\/\/www.amandineverdier-psychotherapie.com\/wp-content\/uploads\/2022\/03\/3-min-1536x1025.jpg 1536w, https:\/\/www.amandineverdier-psychotherapie.com\/wp-content\/uploads\/2022\/03\/3-min-1500x1001.jpg 1500w, https:\/\/www.amandineverdier-psychotherapie.com\/wp-content\/uploads\/2022\/03\/3-min-705x471.jpg 705w, https:\/\/www.amandineverdier-psychotherapie.com\/wp-content\/uploads\/2022\/03\/3-min.jpg 2000w\" sizes=\"auto, (max-width: 300px) 100vw, 300px\" \/><\/p>\n<p>A la fin de mon soin nous ferons ensemble un point sur vos ressentis physiques, psychologiques et \u00e9motionnelles, si je per\u00e7ois des informations durant le soin je me permettrais de vous les communiquer.<\/p>\n<p>Bien \u00e9videmment si ces messages viennent \u00e0 moi c&rsquo;est simplement que vous \u00eates pr\u00eat \u00e0 pouvoir les accueillir&#8230;<\/p>\n<div  class='hr av-91ce3-58fac823b35ea756e06ad14ecb30faaf hr-short  avia-builder-el-6  avia-builder-el-no-sibling  hr-center'><span class='hr-inner '><span class=\"hr-inner-style\"><\/span><\/span><\/div>\n<\/div><\/section>\n\n<\/div><\/div><\/div><!-- close content main div --><\/div><\/div>\n<style type=\"text\/css\" data-created_by=\"avia_inline_auto\" id=\"style-css-av-8kthf-dc75c1237aac13c7d6f6f2d235315001\">\n.avia-section.av-8kthf-dc75c1237aac13c7d6f6f2d235315001{\nbackground-color:#d6beca;\nbackground-image:unset;\n}\n<\/style>\n<div id='av_section_3'  class='avia-section av-8kthf-dc75c1237aac13c7d6f6f2d235315001 main_color avia-section-default avia-no-border-styling  avia-builder-el-7  el_after_av_section  el_before_av_textblock  avia-bg-style-scroll container_wrap fullsize'  ><div class='container av-section-cont-open' ><div class='template-page content  av-content-full alpha units'><div class='post-entry post-entry-type-page post-entry-259'><div class='entry-content-wrapper clearfix'>\n\n<style type=\"text\/css\" data-created_by=\"avia_inline_auto\" id=\"style-css-av-l1ncf1wr-00be6eb416c24a7a88986d6a1991acee\">\n.av-horizontal-gallery.av-l1ncf1wr-00be6eb416c24a7a88986d6a1991acee{\npadding:3.75% 0px;;\n}\n.av-horizontal-gallery.av-l1ncf1wr-00be6eb416c24a7a88986d6a1991acee .av-horizontal-gallery-inner{\npadding-bottom:25%;\n}\n<\/style>\n<div  class='av-horizontal-gallery av-l1ncf1wr-00be6eb416c24a7a88986d6a1991acee av-horizontal-gallery-large-gap av-horizontal-gallery-enlarge-effect  avia-builder-el-8  avia-builder-el-no-sibling  av-slideshow-ui av-control-default av-slideshow-manual av-loop-once av-loop-manual-endless av-horizontal-gallery-1' data-slideshow-data=\"{&quot;enlarge&quot;:1.3,&quot;animation&quot;:&quot;slide&quot;,&quot;autoplay&quot;:false,&quot;loop_autoplay&quot;:&quot;once&quot;,&quot;interval&quot;:5,&quot;loop_manual&quot;:&quot;manual-endless&quot;,&quot;autoplay_stopper&quot;:false,&quot;noNavigation&quot;:false,&quot;bg_slider&quot;:false,&quot;keep_padding&quot;:&quot;&quot;,&quot;hoverpause&quot;:false,&quot;show_slide_delay&quot;:0}\"  itemprop=\"image\" itemscope=\"itemscope\" itemtype=\"https:\/\/schema.org\/ImageObject\" ><div class='avia-slideshow-arrows avia-slideshow-controls' ><a href='#prev' class='prev-slide av-horizontal-gallery-prev' aria-hidden='true' data-av_icon='\ue87c' data-av_iconfont='entypo-fontello'  tabindex='-1'>Pr\u00e9c\u00e9dent<\/a><a href='#next' class='next-slide av-horizontal-gallery-next' aria-hidden='true' data-av_icon='\ue87d' data-av_iconfont='entypo-fontello'  tabindex='-1'>Suivant<\/a><\/div><div class='avia-slideshow-dots avia-slideshow-controls av-horizontal-gallery-dots fade-in'><a href='#1' class='goto-slide active' >1<\/a><a href='#2' class='goto-slide ' >2<\/a><a href='#3' class='goto-slide ' >3<\/a><\/div><div class='av-horizontal-gallery-inner' data-av-height='25'><div class=\"av-horizontal-gallery-slider\"><div class=\"av-horizontal-gallery-wrap noHover\"><img decoding=\"async\" fetchpriority=\"high\" class='wp-image-1161 avia-img-lazy-loading-not-1161 av-horizontal-gallery-img' width=\"500\" height=\"333\" src=\"https:\/\/www.amandineverdier-psychotherapie.com\/wp-content\/uploads\/2017\/08\/mains.jpg\" title='' alt='' srcset=\"https:\/\/www.amandineverdier-psychotherapie.com\/wp-content\/uploads\/2017\/08\/mains.jpg 500w, https:\/\/www.amandineverdier-psychotherapie.com\/wp-content\/uploads\/2017\/08\/mains-300x200.jpg 300w, https:\/\/www.amandineverdier-psychotherapie.com\/wp-content\/uploads\/2017\/08\/mains-450x300.jpg 450w\" sizes=\"(max-width: 500px) 100vw, 500px\" \/><a href=\"https:\/\/www.amandineverdier-psychotherapie.com\/wp-content\/uploads\/2017\/08\/mains.jpg\" data-srcset=\"https:\/\/www.amandineverdier-psychotherapie.com\/wp-content\/uploads\/2017\/08\/mains.jpg 500w, https:\/\/www.amandineverdier-psychotherapie.com\/wp-content\/uploads\/2017\/08\/mains-300x200.jpg 300w, https:\/\/www.amandineverdier-psychotherapie.com\/wp-content\/uploads\/2017\/08\/mains-450x300.jpg 450w\" data-sizes=\"(max-width: 500px) 100vw, 500px\" class='av-horizontal-gallery-link' aria-hidden='true' data-av_icon='\ue869' data-av_iconfont='entypo-fontello' title='' alt=''><\/a><\/div><div class=\"av-horizontal-gallery-wrap noHover\"><img decoding=\"async\" fetchpriority=\"high\" class='wp-image-2280 avia-img-lazy-loading-not-2280 av-horizontal-gallery-img' width=\"346\" height=\"346\" src=\"https:\/\/www.amandineverdier-psychotherapie.com\/wp-content\/uploads\/2020\/01\/fleur-de-bach-trouver-l-equilibre-min.jpg\" title='' alt='' srcset=\"https:\/\/www.amandineverdier-psychotherapie.com\/wp-content\/uploads\/2020\/01\/fleur-de-bach-trouver-l-equilibre-min.jpg 346w, https:\/\/www.amandineverdier-psychotherapie.com\/wp-content\/uploads\/2020\/01\/fleur-de-bach-trouver-l-equilibre-min-300x300.jpg 300w, https:\/\/www.amandineverdier-psychotherapie.com\/wp-content\/uploads\/2020\/01\/fleur-de-bach-trouver-l-equilibre-min-80x80.jpg 80w, https:\/\/www.amandineverdier-psychotherapie.com\/wp-content\/uploads\/2020\/01\/fleur-de-bach-trouver-l-equilibre-min-36x36.jpg 36w, https:\/\/www.amandineverdier-psychotherapie.com\/wp-content\/uploads\/2020\/01\/fleur-de-bach-trouver-l-equilibre-min-180x180.jpg 180w, https:\/\/www.amandineverdier-psychotherapie.com\/wp-content\/uploads\/2020\/01\/fleur-de-bach-trouver-l-equilibre-min-120x120.jpg 120w\" sizes=\"(max-width: 346px) 100vw, 346px\" \/><a href=\"https:\/\/www.amandineverdier-psychotherapie.com\/wp-content\/uploads\/2020\/01\/fleur-de-bach-trouver-l-equilibre-min.jpg\" data-srcset=\"https:\/\/www.amandineverdier-psychotherapie.com\/wp-content\/uploads\/2020\/01\/fleur-de-bach-trouver-l-equilibre-min.jpg 346w, https:\/\/www.amandineverdier-psychotherapie.com\/wp-content\/uploads\/2020\/01\/fleur-de-bach-trouver-l-equilibre-min-300x300.jpg 300w, https:\/\/www.amandineverdier-psychotherapie.com\/wp-content\/uploads\/2020\/01\/fleur-de-bach-trouver-l-equilibre-min-80x80.jpg 80w, https:\/\/www.amandineverdier-psychotherapie.com\/wp-content\/uploads\/2020\/01\/fleur-de-bach-trouver-l-equilibre-min-36x36.jpg 36w, https:\/\/www.amandineverdier-psychotherapie.com\/wp-content\/uploads\/2020\/01\/fleur-de-bach-trouver-l-equilibre-min-180x180.jpg 180w, https:\/\/www.amandineverdier-psychotherapie.com\/wp-content\/uploads\/2020\/01\/fleur-de-bach-trouver-l-equilibre-min-120x120.jpg 120w\" data-sizes=\"(max-width: 346px) 100vw, 346px\" class='av-horizontal-gallery-link' aria-hidden='true' data-av_icon='\ue869' data-av_iconfont='entypo-fontello' title='' alt=''><\/a><\/div><div class=\"av-horizontal-gallery-wrap noHover\"><img decoding=\"async\" fetchpriority=\"high\" class='wp-image-1105 avia-img-lazy-loading-not-1105 av-horizontal-gallery-img' width=\"1024\" height=\"768\" src=\"https:\/\/www.amandineverdier-psychotherapie.com\/wp-content\/uploads\/2017\/08\/04.jpg\" title='' alt='' srcset=\"https:\/\/www.amandineverdier-psychotherapie.com\/wp-content\/uploads\/2017\/08\/04.jpg 1024w, https:\/\/www.amandineverdier-psychotherapie.com\/wp-content\/uploads\/2017\/08\/04-300x225.jpg 300w, https:\/\/www.amandineverdier-psychotherapie.com\/wp-content\/uploads\/2017\/08\/04-768x576.jpg 768w, https:\/\/www.amandineverdier-psychotherapie.com\/wp-content\/uploads\/2017\/08\/04-705x529.jpg 705w, https:\/\/www.amandineverdier-psychotherapie.com\/wp-content\/uploads\/2017\/08\/04-450x338.jpg 450w\" sizes=\"(max-width: 1024px) 100vw, 1024px\" \/><a href=\"https:\/\/www.amandineverdier-psychotherapie.com\/wp-content\/uploads\/2017\/08\/04.jpg\" data-srcset=\"https:\/\/www.amandineverdier-psychotherapie.com\/wp-content\/uploads\/2017\/08\/04.jpg 1024w, https:\/\/www.amandineverdier-psychotherapie.com\/wp-content\/uploads\/2017\/08\/04-300x225.jpg 300w, https:\/\/www.amandineverdier-psychotherapie.com\/wp-content\/uploads\/2017\/08\/04-768x576.jpg 768w, https:\/\/www.amandineverdier-psychotherapie.com\/wp-content\/uploads\/2017\/08\/04-705x529.jpg 705w, https:\/\/www.amandineverdier-psychotherapie.com\/wp-content\/uploads\/2017\/08\/04-450x338.jpg 450w\" data-sizes=\"(max-width: 1024px) 100vw, 1024px\" class='av-horizontal-gallery-link' aria-hidden='true' data-av_icon='\ue869' data-av_iconfont='entypo-fontello' title='' alt=''><\/a><\/div><\/div><\/div><\/div>\n<\/div><\/div><\/div><!-- close content main div --><\/div><\/div><div id='after_section_3'  class='main_color av_default_container_wrap container_wrap fullsize'  ><div class='container av-section-cont-open' ><div class='template-page content  av-content-full alpha units'><div class='post-entry post-entry-type-page post-entry-259'><div class='entry-content-wrapper clearfix'><section  class='av_textblock_section av-92l57-0448c4df5a315f6e90f786e020573eb7 '   itemscope=\"itemscope\" itemtype=\"https:\/\/schema.org\/CreativeWork\" ><div class='avia_textblock'  itemprop=\"text\" ><p><span style=\"color: #f2d8e5;\">Psychoth\u00e9rapie &#8211; Orange 84100 &#8211; Boll\u00e8ne 84500 &#8211; Pierrelatte 26700 &#8211; Pont-Saint-Esprit 30130 &#8211; Bagnols-sur-C\u00e8ze 30200<\/span><\/p>\n<p><span style=\"color: #f2d8e5;\">Psychoth\u00e9rapeute &#8211; Pierrelatte 26700 &#8211; Pont-Saint-Esprit 30130 &#8211; Bagnols-sur-C\u00e8ze 30200 &#8211; Orange 84100 &#8211; Boll\u00e8ne 84500<\/span><\/p>\n<\/div><\/section><\/p>\n","protected":false},"excerpt":{"rendered":"","protected":false},"author":1,"featured_media":0,"parent":0,"menu_order":0,"comment_status":"closed","ping_status":"closed","template":"","meta":{"footnotes":""},"class_list":["post-259","page","type-page","status-publish","hentry"],"yoast_head":"<!-- This site is optimized with the Yoast SEO plugin v27.5 - https:\/\/yoast.com\/product\/yoast-seo-wordpress\/ -->\n<title>Psychoth\u00e9rapie-Amandine Verdier-Pont-saint-esprit 30130-Bagnols-sur-c\u00e9ze 30200<\/title>\n<meta name=\"description\" content=\"Psychoth\u00e9rapeute, Amandine Verdier vous fait d\u00e9couvrir son blog le jardin secret d&#039;Amandine, ce sont des outils suppl\u00e9mentaires qu&#039;elle offre\" \/>\n<meta name=\"robots\" content=\"index, follow, max-snippet:-1, max-image-preview:large, max-video-preview:-1\" \/>\n<link rel=\"canonical\" href=\"https:\/\/www.amandineverdier-psychotherapie.com\/blog\/\" \/>\n<meta property=\"og:locale\" content=\"fr_FR\" \/>\n<meta property=\"og:type\" content=\"article\" \/>\n<meta property=\"og:title\" content=\"Psychoth\u00e9rapie-Amandine Verdier-Pont-saint-esprit 30130-Bagnols-sur-c\u00e9ze 30200\" \/>\n<meta property=\"og:description\" content=\"Psychoth\u00e9rapeute, Amandine Verdier vous fait d\u00e9couvrir son blog le jardin secret d&#039;Amandine, ce sont des outils suppl\u00e9mentaires qu&#039;elle offre\" \/>\n<meta property=\"og:url\" content=\"https:\/\/www.amandineverdier-psychotherapie.com\/blog\/\" \/>\n<meta property=\"og:site_name\" content=\"Amandine Verdier Psychoth\u00e9rapie\" \/>\n<meta property=\"article:publisher\" content=\"https:\/\/www.facebook.com\/amandine.verdier.44\/\" \/>\n<meta property=\"article:modified_time\" content=\"2025-01-11T05:40:29+00:00\" \/>\n<meta property=\"og:image\" content=\"https:\/\/www.amandineverdier-psychotherapie.com\/wp-content\/uploads\/2022\/03\/1.webp\" \/>\n\t<meta property=\"og:image:width\" content=\"562\" \/>\n\t<meta property=\"og:image:height\" content=\"528\" \/>\n\t<meta property=\"og:image:type\" content=\"image\/webp\" \/>\n<meta name=\"twitter:card\" content=\"summary_large_image\" \/>\n<meta name=\"twitter:label1\" content=\"Dur\u00e9e de lecture estim\u00e9e\" \/>\n\t<meta name=\"twitter:data1\" content=\"3 minutes\" \/>\n<script type=\"application\/ld+json\" class=\"yoast-schema-graph\">{\"@context\":\"https:\\\/\\\/schema.org\",\"@graph\":[{\"@type\":\"WebPage\",\"@id\":\"https:\\\/\\\/www.amandineverdier-psychotherapie.com\\\/blog\\\/\",\"url\":\"https:\\\/\\\/www.amandineverdier-psychotherapie.com\\\/blog\\\/\",\"name\":\"Psychoth\u00e9rapie-Amandine Verdier-Pont-saint-esprit 30130-Bagnols-sur-c\u00e9ze 30200\",\"isPartOf\":{\"@id\":\"https:\\\/\\\/www.amandineverdier-psychotherapie.com\\\/#website\"},\"primaryImageOfPage\":{\"@id\":\"https:\\\/\\\/www.amandineverdier-psychotherapie.com\\\/blog\\\/#primaryimage\"},\"image\":{\"@id\":\"https:\\\/\\\/www.amandineverdier-psychotherapie.com\\\/blog\\\/#primaryimage\"},\"thumbnailUrl\":\"https:\\\/\\\/www.amandineverdier-psychotherapie.com\\\/wp-content\\\/uploads\\\/2022\\\/03\\\/1-300x282.webp\",\"datePublished\":\"2016-05-23T10:32:02+00:00\",\"dateModified\":\"2025-01-11T05:40:29+00:00\",\"description\":\"Psychoth\u00e9rapeute, Amandine Verdier vous fait d\u00e9couvrir son blog le jardin secret d'Amandine, ce sont des outils suppl\u00e9mentaires qu'elle offre\",\"breadcrumb\":{\"@id\":\"https:\\\/\\\/www.amandineverdier-psychotherapie.com\\\/blog\\\/#breadcrumb\"},\"inLanguage\":\"fr-FR\",\"potentialAction\":[{\"@type\":\"ReadAction\",\"target\":[\"https:\\\/\\\/www.amandineverdier-psychotherapie.com\\\/blog\\\/\"]}]},{\"@type\":\"ImageObject\",\"inLanguage\":\"fr-FR\",\"@id\":\"https:\\\/\\\/www.amandineverdier-psychotherapie.com\\\/blog\\\/#primaryimage\",\"url\":\"https:\\\/\\\/www.amandineverdier-psychotherapie.com\\\/wp-content\\\/uploads\\\/2022\\\/03\\\/1-300x282.webp\",\"contentUrl\":\"https:\\\/\\\/www.amandineverdier-psychotherapie.com\\\/wp-content\\\/uploads\\\/2022\\\/03\\\/1-300x282.webp\"},{\"@type\":\"BreadcrumbList\",\"@id\":\"https:\\\/\\\/www.amandineverdier-psychotherapie.com\\\/blog\\\/#breadcrumb\",\"itemListElement\":[{\"@type\":\"ListItem\",\"position\":1,\"name\":\"Accueil\",\"item\":\"https:\\\/\\\/www.amandineverdier-psychotherapie.com\\\/\"},{\"@type\":\"ListItem\",\"position\":2,\"name\":\"Blog\"}]},{\"@type\":\"WebSite\",\"@id\":\"https:\\\/\\\/www.amandineverdier-psychotherapie.com\\\/#website\",\"url\":\"https:\\\/\\\/www.amandineverdier-psychotherapie.com\\\/\",\"name\":\"Amandine Verdier Psychoth\u00e9rapie\",\"description\":\"Amandine Verdier  sychoth\u00e9rapie\",\"publisher\":{\"@id\":\"https:\\\/\\\/www.amandineverdier-psychotherapie.com\\\/#organization\"},\"potentialAction\":[{\"@type\":\"SearchAction\",\"target\":{\"@type\":\"EntryPoint\",\"urlTemplate\":\"https:\\\/\\\/www.amandineverdier-psychotherapie.com\\\/?s={search_term_string}\"},\"query-input\":{\"@type\":\"PropertyValueSpecification\",\"valueRequired\":true,\"valueName\":\"search_term_string\"}}],\"inLanguage\":\"fr-FR\"},{\"@type\":\"Organization\",\"@id\":\"https:\\\/\\\/www.amandineverdier-psychotherapie.com\\\/#organization\",\"name\":\"Amandine Verdier Psychoth\u00e9rapie\",\"url\":\"https:\\\/\\\/www.amandineverdier-psychotherapie.com\\\/\",\"logo\":{\"@type\":\"ImageObject\",\"inLanguage\":\"fr-FR\",\"@id\":\"https:\\\/\\\/www.amandineverdier-psychotherapie.com\\\/#\\\/schema\\\/logo\\\/image\\\/\",\"url\":\"https:\\\/\\\/www.amandineverdier-psychotherapie.com\\\/wp-content\\\/uploads\\\/2018\\\/02\\\/Amandine1-2.png\",\"contentUrl\":\"https:\\\/\\\/www.amandineverdier-psychotherapie.com\\\/wp-content\\\/uploads\\\/2018\\\/02\\\/Amandine1-2.png\",\"width\":428,\"height\":131,\"caption\":\"Amandine Verdier Psychoth\u00e9rapie\"},\"image\":{\"@id\":\"https:\\\/\\\/www.amandineverdier-psychotherapie.com\\\/#\\\/schema\\\/logo\\\/image\\\/\"},\"sameAs\":[\"https:\\\/\\\/www.facebook.com\\\/amandine.verdier.44\\\/\"]}]}<\/script>\n<!-- \/ Yoast SEO plugin. -->","yoast_head_json":{"title":"Psychoth\u00e9rapie-Amandine Verdier-Pont-saint-esprit 30130-Bagnols-sur-c\u00e9ze 30200","description":"Psychoth\u00e9rapeute, Amandine Verdier vous fait d\u00e9couvrir son blog le jardin secret d'Amandine, ce sont des outils suppl\u00e9mentaires qu'elle offre","robots":{"index":"index","follow":"follow","max-snippet":"max-snippet:-1","max-image-preview":"max-image-preview:large","max-video-preview":"max-video-preview:-1"},"canonical":"https:\/\/www.amandineverdier-psychotherapie.com\/blog\/","og_locale":"fr_FR","og_type":"article","og_title":"Psychoth\u00e9rapie-Amandine Verdier-Pont-saint-esprit 30130-Bagnols-sur-c\u00e9ze 30200","og_description":"Psychoth\u00e9rapeute, Amandine Verdier vous fait d\u00e9couvrir son blog le jardin secret d'Amandine, ce sont des outils suppl\u00e9mentaires qu'elle offre","og_url":"https:\/\/www.amandineverdier-psychotherapie.com\/blog\/","og_site_name":"Amandine Verdier Psychoth\u00e9rapie","article_publisher":"https:\/\/www.facebook.com\/amandine.verdier.44\/","article_modified_time":"2025-01-11T05:40:29+00:00","og_image":[{"width":562,"height":528,"url":"https:\/\/www.amandineverdier-psychotherapie.com\/wp-content\/uploads\/2022\/03\/1.webp","type":"image\/webp"}],"twitter_card":"summary_large_image","twitter_misc":{"Dur\u00e9e de lecture estim\u00e9e":"3 minutes"},"schema":{"@context":"https:\/\/schema.org","@graph":[{"@type":"WebPage","@id":"https:\/\/www.amandineverdier-psychotherapie.com\/blog\/","url":"https:\/\/www.amandineverdier-psychotherapie.com\/blog\/","name":"Psychoth\u00e9rapie-Amandine Verdier-Pont-saint-esprit 30130-Bagnols-sur-c\u00e9ze 30200","isPartOf":{"@id":"https:\/\/www.amandineverdier-psychotherapie.com\/#website"},"primaryImageOfPage":{"@id":"https:\/\/www.amandineverdier-psychotherapie.com\/blog\/#primaryimage"},"image":{"@id":"https:\/\/www.amandineverdier-psychotherapie.com\/blog\/#primaryimage"},"thumbnailUrl":"https:\/\/www.amandineverdier-psychotherapie.com\/wp-content\/uploads\/2022\/03\/1-300x282.webp","datePublished":"2016-05-23T10:32:02+00:00","dateModified":"2025-01-11T05:40:29+00:00","description":"Psychoth\u00e9rapeute, Amandine Verdier vous fait d\u00e9couvrir son blog le jardin secret d'Amandine, ce sont des outils suppl\u00e9mentaires qu'elle offre","breadcrumb":{"@id":"https:\/\/www.amandineverdier-psychotherapie.com\/blog\/#breadcrumb"},"inLanguage":"fr-FR","potentialAction":[{"@type":"ReadAction","target":["https:\/\/www.amandineverdier-psychotherapie.com\/blog\/"]}]},{"@type":"ImageObject","inLanguage":"fr-FR","@id":"https:\/\/www.amandineverdier-psychotherapie.com\/blog\/#primaryimage","url":"https:\/\/www.amandineverdier-psychotherapie.com\/wp-content\/uploads\/2022\/03\/1-300x282.webp","contentUrl":"https:\/\/www.amandineverdier-psychotherapie.com\/wp-content\/uploads\/2022\/03\/1-300x282.webp"},{"@type":"BreadcrumbList","@id":"https:\/\/www.amandineverdier-psychotherapie.com\/blog\/#breadcrumb","itemListElement":[{"@type":"ListItem","position":1,"name":"Accueil","item":"https:\/\/www.amandineverdier-psychotherapie.com\/"},{"@type":"ListItem","position":2,"name":"Blog"}]},{"@type":"WebSite","@id":"https:\/\/www.amandineverdier-psychotherapie.com\/#website","url":"https:\/\/www.amandineverdier-psychotherapie.com\/","name":"Amandine Verdier Psychoth\u00e9rapie","description":"Amandine Verdier  sychoth\u00e9rapie","publisher":{"@id":"https:\/\/www.amandineverdier-psychotherapie.com\/#organization"},"potentialAction":[{"@type":"SearchAction","target":{"@type":"EntryPoint","urlTemplate":"https:\/\/www.amandineverdier-psychotherapie.com\/?s={search_term_string}"},"query-input":{"@type":"PropertyValueSpecification","valueRequired":true,"valueName":"search_term_string"}}],"inLanguage":"fr-FR"},{"@type":"Organization","@id":"https:\/\/www.amandineverdier-psychotherapie.com\/#organization","name":"Amandine Verdier Psychoth\u00e9rapie","url":"https:\/\/www.amandineverdier-psychotherapie.com\/","logo":{"@type":"ImageObject","inLanguage":"fr-FR","@id":"https:\/\/www.amandineverdier-psychotherapie.com\/#\/schema\/logo\/image\/","url":"https:\/\/www.amandineverdier-psychotherapie.com\/wp-content\/uploads\/2018\/02\/Amandine1-2.png","contentUrl":"https:\/\/www.amandineverdier-psychotherapie.com\/wp-content\/uploads\/2018\/02\/Amandine1-2.png","width":428,"height":131,"caption":"Amandine Verdier Psychoth\u00e9rapie"},"image":{"@id":"https:\/\/www.amandineverdier-psychotherapie.com\/#\/schema\/logo\/image\/"},"sameAs":["https:\/\/www.facebook.com\/amandine.verdier.44\/"]}]}},"_links":{"self":[{"href":"https:\/\/www.amandineverdier-psychotherapie.com\/api\/wp\/v2\/pages\/259","targetHints":{"allow":["GET"]}}],"collection":[{"href":"https:\/\/www.amandineverdier-psychotherapie.com\/api\/wp\/v2\/pages"}],"about":[{"href":"https:\/\/www.amandineverdier-psychotherapie.com\/api\/wp\/v2\/types\/page"}],"author":[{"embeddable":true,"href":"https:\/\/www.amandineverdier-psychotherapie.com\/api\/wp\/v2\/users\/1"}],"replies":[{"embeddable":true,"href":"https:\/\/www.amandineverdier-psychotherapie.com\/api\/wp\/v2\/comments?post=259"}],"version-history":[{"count":4,"href":"https:\/\/www.amandineverdier-psychotherapie.com\/api\/wp\/v2\/pages\/259\/revisions"}],"predecessor-version":[{"id":3256,"href":"https:\/\/www.amandineverdier-psychotherapie.com\/api\/wp\/v2\/pages\/259\/revisions\/3256"}],"wp:attachment":[{"href":"https:\/\/www.amandineverdier-psychotherapie.com\/api\/wp\/v2\/media?parent=259"}],"curies":[{"name":"wp","href":"https:\/\/api.w.org\/{rel}","templated":true}]}}