{"id":1538,"date":"2017-11-11T14:15:48","date_gmt":"2017-11-11T13:15:48","guid":{"rendered":"http:\/\/www.amandineverdier-psychotherapie.com\/?page_id=1538"},"modified":"2025-01-11T06:51:57","modified_gmt":"2025-01-11T05:51:57","slug":"lecture-et-developpement-intuitif","status":"publish","type":"page","link":"https:\/\/www.amandineverdier-psychotherapie.com\/lecture-et-developpement-intuitif\/","title":{"rendered":"Lecture et d\u00e9veloppement intuitif"},"content":{"rendered":"<section  class='av_textblock_section av-k971ef60-fec5787c0287794a3d683975982245e5 '   itemscope=\"itemscope\" itemtype=\"https:\/\/schema.org\/CreativeWork\" ><div class='avia_textblock'  itemprop=\"text\" ><p><img loading=\"lazy\" decoding=\"async\" class=\" wp-image-1576 aligncenter\" src=\"http:\/\/www.amandineverdier-psychotherapie.com\/wp-content\/uploads\/2017\/11\/intuition-1-300x150.png\" alt=\"\" width=\"840\" height=\"420\" srcset=\"https:\/\/www.amandineverdier-psychotherapie.com\/wp-content\/uploads\/2017\/11\/intuition-1-300x150.png 300w, https:\/\/www.amandineverdier-psychotherapie.com\/wp-content\/uploads\/2017\/11\/intuition-1-768x384.png 768w, https:\/\/www.amandineverdier-psychotherapie.com\/wp-content\/uploads\/2017\/11\/intuition-1-705x353.png 705w, https:\/\/www.amandineverdier-psychotherapie.com\/wp-content\/uploads\/2017\/11\/intuition-1-450x225.png 450w, https:\/\/www.amandineverdier-psychotherapie.com\/wp-content\/uploads\/2017\/11\/intuition-1.png 800w\" sizes=\"auto, (max-width: 840px) 100vw, 840px\" \/><\/p>\n<\/div><\/section>\n<div  class='hr av-1wwqqq-5959ae61b1a92ffbbe87a99f5dc46fb0 hr-default  avia-builder-el-1  el_after_av_textblock  el_before_av_section  avia-builder-el-last '><span class='hr-inner '><span class=\"hr-inner-style\"><\/span><\/span><\/div>\n<\/div><\/div><\/div><!-- close content main div --><\/div><\/div>\n<style type=\"text\/css\" data-created_by=\"avia_inline_auto\" id=\"style-css-av-k971s5sk-cc9f1b65e89b4828f565551c2080f016\">\n.avia-section.av-k971s5sk-cc9f1b65e89b4828f565551c2080f016{\nbackground-color:#d6b1c4;\nbackground-image:unset;\n}\n<\/style>\n<div id='av_section_1'  class='avia-section av-k971s5sk-cc9f1b65e89b4828f565551c2080f016 alternate_color avia-section-default avia-no-border-styling  avia-builder-el-2  el_after_av_hr  el_before_av_hr  avia-bg-style-parallax container_wrap fullsize'  ><div class='container av-section-cont-open' ><div class='template-page content  av-content-full alpha units'><div class='post-entry post-entry-type-page post-entry-1538'><div class='entry-content-wrapper clearfix'>\n\n<style type=\"text\/css\" data-created_by=\"avia_inline_auto\" id=\"style-css-av-jrd66kg6-3554c06e77e41f088588d55b6c935374\">\n@keyframes av_boxShadowEffect_av-jrd66kg6-3554c06e77e41f088588d55b6c935374-column {\n0%   { box-shadow:  0 0 0 0 ; opacity: 1; }\n100% { box-shadow:  0 0 10px 0 ; opacity: 1; }\n}\n.flex_column.av-jrd66kg6-3554c06e77e41f088588d55b6c935374{\nborder-width:10px;\nborder-color:#eddab8;\nborder-style:solid;\nborder-radius:0px 0px 0px 0px;\npadding:5px 5px 5px 5px;\n}\n<\/style>\n<div  class='flex_column av-jrd66kg6-3554c06e77e41f088588d55b6c935374 av_one_full  avia-builder-el-3  avia-builder-el-no-sibling  first flex_column_div  '     ><style type=\"text\/css\" data-created_by=\"avia_inline_auto\" id=\"style-css-av-4mujr6-f9f8ff0d7edd3d32b4c9ed6c5620e62e\">\n#top .av_textblock_section.av-4mujr6-f9f8ff0d7edd3d32b4c9ed6c5620e62e .avia_textblock{\nfont-size:28px;\ncolor:#3a3a3a;\n}\n<\/style>\n<section  class='av_textblock_section av-4mujr6-f9f8ff0d7edd3d32b4c9ed6c5620e62e '   itemscope=\"itemscope\" itemtype=\"https:\/\/schema.org\/CreativeWork\" ><div class='avia_textblock av_inherit_color'  itemprop=\"text\" ><h2 style=\"text-align: center;\"><\/h2>\n<div class=\"rte\">\n<h2 class=\"p1\" style=\"text-align: center;\"><\/h2>\n<h2 style=\"text-align: center;\"><span style=\"color: #008080;\">L\u2019intuition, cette boussole int\u00e9rieure si pr\u00e9cieuse&#8230;<\/span><\/h2>\n<p class=\"p1\"><span class=\"s1\" style=\"color: #ffffff;\">Combien de fois, dans votre vie, avez-vous eu l\u2019\u00e9trange sensation de savoir d\u2019avance que telle chemin ou telle d\u00e9cision serait la plus appropri\u00e9e pour vous? Combien de fois avez-vous pu v\u00e9rifier par la suite que cette petite voix furtive et presque inaudible disait vrai?\u00a0<img loading=\"lazy\" decoding=\"async\" class=\"wp-image-1585 aligncenter\" src=\"http:\/\/www.amandineverdier-psychotherapie.com\/wp-content\/uploads\/2017\/11\/intuition7-min-200x300.jpg\" alt=\"\" width=\"412\" height=\"619\" srcset=\"https:\/\/www.amandineverdier-psychotherapie.com\/wp-content\/uploads\/2017\/11\/intuition7-min-200x300.jpg 200w, https:\/\/www.amandineverdier-psychotherapie.com\/wp-content\/uploads\/2017\/11\/intuition7-min-470x705.jpg 470w, https:\/\/www.amandineverdier-psychotherapie.com\/wp-content\/uploads\/2017\/11\/intuition7-min-450x675.jpg 450w, https:\/\/www.amandineverdier-psychotherapie.com\/wp-content\/uploads\/2017\/11\/intuition7-min.jpg 500w\" sizes=\"auto, (max-width: 412px) 100vw, 412px\" \/><\/span><\/p>\n<p class=\"p1\"><span style=\"color: #ffffff;\"><span class=\"s1\">\u00abfeeling\u00bb,\u00a0<span class=\"s1\">\u00absixi\u00e8me sens\u00bb, l\u2019intuition est d\u00e9finie dans le <\/span><span class=\"s1\">dictionnaire <a style=\"color: #ffffff;\" href=\"http:\/\/www.larousse.fr\/dictionnaires\/francais\/intuition\/44033?q=intuition#43959\" target=\"_blank\" rel=\"noopener\">Larousse<\/a> comme cette \u00a0<\/span><\/span><\/span><\/p>\n<p class=\"p1\"><span style=\"color: #ffffff;\"><span class=\"s1\"><span class=\"s1\">\u00abconnaissance directe, imm\u00e9diate de la v\u00e9rit\u00e9, sans reco<\/span><\/span><\/span><\/p>\n<p class=\"p1\"><span style=\"color: #ffffff;\"><span class=\"s1\"><span class=\"s1\">urs au raisonnement et \u00e0 l\u2019exp\u00e9rience\u00bb. En d\u2019autres<\/span><\/span><\/span><\/p>\n<p class=\"p1\"><span style=\"color: #ffffff;\"><span class=\"s1\"><span class=\"s1\">\u00a0termes, il s\u2019agit d\u2019un<\/span><span class=\"s1\">e sorte de boussole int\u00e9rieure qui nous indique la meill<\/span><\/span><\/span><\/p>\n<p class=\"p1\"><span style=\"color: #ffffff;\"><span class=\"s1\"><span class=\"s1\">eure direction \u00e0 suivre ou le danger \u00e0 \u00e9viter, sans que nous puissions l\u2019expliquer rationnellement.\u00a0<\/span><\/span><\/span><\/p>\n<p class=\"p1\"><span class=\"s1\" style=\"color: #ffffff;\">Et c\u2019est bien cela le probl\u00e8me\u2026 Dans un monde o\u00f9 le raisonnemen<\/span><span style=\"color: #ffffff;\">t logi<\/span><\/p>\n<p class=\"p1\"><span style=\"color: #ffffff;\">que est largement valoris\u00e9, accorder de la l\u00e9gitimit\u00e9 \u00e0 notre intuition est parti<\/span><\/p>\n<p class=\"p1\"><span style=\"color: #ffffff;\">culi\u00e8rement difficile.\u00a0 Pourtant nous avons tous l&rsquo;intuition en nous.<\/span><\/p>\n<p><img loading=\"lazy\" decoding=\"async\" class=\"wp-image-2520 aligncenter\" style=\"margin-top: 0px; margin-bottom: 0px;\" src=\"https:\/\/www.amandineverdier-psychotherapie.com\/wp-content\/uploads\/2020\/10\/120112663_986694401817742_1413736581365226913_o-1-min-300x300.jpg\" alt=\"\" width=\"269\" height=\"269\" srcset=\"https:\/\/www.amandineverdier-psychotherapie.com\/wp-content\/uploads\/2020\/10\/120112663_986694401817742_1413736581365226913_o-1-min-300x300.jpg 300w, https:\/\/www.amandineverdier-psychotherapie.com\/wp-content\/uploads\/2020\/10\/120112663_986694401817742_1413736581365226913_o-1-min-1028x1030.jpg 1028w, https:\/\/www.amandineverdier-psychotherapie.com\/wp-content\/uploads\/2020\/10\/120112663_986694401817742_1413736581365226913_o-1-min-80x80.jpg 80w, https:\/\/www.amandineverdier-psychotherapie.com\/wp-content\/uploads\/2020\/10\/120112663_986694401817742_1413736581365226913_o-1-min-768x769.jpg 768w, https:\/\/www.amandineverdier-psychotherapie.com\/wp-content\/uploads\/2020\/10\/120112663_986694401817742_1413736581365226913_o-1-min-1534x1536.jpg 1534w, https:\/\/www.amandineverdier-psychotherapie.com\/wp-content\/uploads\/2020\/10\/120112663_986694401817742_1413736581365226913_o-1-min-36x36.jpg 36w, https:\/\/www.amandineverdier-psychotherapie.com\/wp-content\/uploads\/2020\/10\/120112663_986694401817742_1413736581365226913_o-1-min-180x180.jpg 180w, https:\/\/www.amandineverdier-psychotherapie.com\/wp-content\/uploads\/2020\/10\/120112663_986694401817742_1413736581365226913_o-1-min-1498x1500.jpg 1498w, https:\/\/www.amandineverdier-psychotherapie.com\/wp-content\/uploads\/2020\/10\/120112663_986694401817742_1413736581365226913_o-1-min-705x705.jpg 705w, https:\/\/www.amandineverdier-psychotherapie.com\/wp-content\/uploads\/2020\/10\/120112663_986694401817742_1413736581365226913_o-1-min-120x120.jpg 120w, https:\/\/www.amandineverdier-psychotherapie.com\/wp-content\/uploads\/2020\/10\/120112663_986694401817742_1413736581365226913_o-1-min-450x451.jpg 450w, https:\/\/www.amandineverdier-psychotherapie.com\/wp-content\/uploads\/2020\/10\/120112663_986694401817742_1413736581365226913_o-1-min.jpg 2012w\" sizes=\"auto, (max-width: 269px) 100vw, 269px\" \/><\/p>\n<\/div>\n<\/div><\/section><br \/>\n<section  class='av_textblock_section av-l2cz6sdn-e6c09d37868f1e3be0745276d0465494 '   itemscope=\"itemscope\" itemtype=\"https:\/\/schema.org\/CreativeWork\" ><div class='avia_textblock'  itemprop=\"text\" ><p class=\"p1\"><span style=\"color: #999999;\"><span class=\"s1\"> <span style=\"color: #ffffff;\"><img loading=\"lazy\" decoding=\"async\" class=\"wp-image-2443 aligncenter\" src=\"http:\/\/www.amandineverdier-psychotherapie.com\/wp-content\/uploads\/2020\/04\/developper-sixieme-sens-1080x675-1-300x188.png\" alt=\"\" width=\"489\" height=\"307\" srcset=\"https:\/\/www.amandineverdier-psychotherapie.com\/wp-content\/uploads\/2020\/04\/developper-sixieme-sens-1080x675-1-300x188.png 300w, https:\/\/www.amandineverdier-psychotherapie.com\/wp-content\/uploads\/2020\/04\/developper-sixieme-sens-1080x675-1-1030x644.png 1030w, https:\/\/www.amandineverdier-psychotherapie.com\/wp-content\/uploads\/2020\/04\/developper-sixieme-sens-1080x675-1-768x480.png 768w, https:\/\/www.amandineverdier-psychotherapie.com\/wp-content\/uploads\/2020\/04\/developper-sixieme-sens-1080x675-1-705x441.png 705w, https:\/\/www.amandineverdier-psychotherapie.com\/wp-content\/uploads\/2020\/04\/developper-sixieme-sens-1080x675-1.png 1080w\" sizes=\"auto, (max-width: 489px) 100vw, 489px\" \/><\/span><\/span><\/span><\/p>\n<p class=\"p1\"><span style=\"color: #999999;\"><span class=\"s1\">Si vous avez l\u2019impression de ne p<\/span><span class=\"s1\">a<\/span><span class=\"s1\">s savoir du tout o\u00f9 vous orienter mais que vous sautez sur toutes les occasions pour lire des livres d\u2019histoire, que vous d\u00e9gain<\/span><span class=\"s1\">e<\/span><span class=\"s1\">r <\/span><span class=\"s1\">votre carte de cr\u00e9dit \u00e0 la vitesse de l\u2019\u00e9clair pour vous offrir un stage de chant ou que votre c\u0153ur bat la chamade quand vous \u00e9coutez des contes, peut-\u00eatre que votre intuition essaie de vous envoyer un message ! <\/span><\/span><\/p>\n<p class=\"p1\"><span style=\"color: #ffffff;\"><span style=\"color: #999999;\"><span class=\"s1\">Pour d\u00e9velopper votre capacit\u00e9 \u00e0 d\u00e9crypte<\/span><span class=\"s1\">r vos <\/span><span class=\"s1\">messages int\u00e9rieurs et <\/span><span class=\"s1\">vo<\/span><span class=\"s1\">us aider \u00e0 <\/span><span class=\"s1\">mieux \u00eatre \u00e0 l\u2019\u00e9coute,\u00a0accordez-vous des moments de vide et de recul vis-\u00e0-vis des distractions habituelles du quotidien. En parall\u00e8le, consid\u00e9rez vos sensations <\/span><span class=\"s1\">d<\/span><span class=\"s1\">e joie, de calme, de stress, d\u2019anxi\u00e9t\u00e9\u00a0comme de pr\u00e9cieux indicateurs de<\/span><span class=\"s1\">s chemin<\/span><\/span><span class=\"s1\"><span style=\"color: #999999;\">s \u00e0 suivre ou \u00e0 \u00e9viter sera un bon moyen pour vous laisser guider.<\/span><img loading=\"lazy\" decoding=\"async\" class=\"alignnone wp-image-1251 aligncenter\" src=\"http:\/\/www.amandineverdier-psychotherapie.com\/wp-content\/uploads\/2017\/08\/enfant-intereiur-1-243x300.jpg\" alt=\"\" width=\"397\" height=\"490\" srcset=\"https:\/\/www.amandineverdier-psychotherapie.com\/wp-content\/uploads\/2017\/08\/enfant-intereiur-1-243x300.jpg 243w, https:\/\/www.amandineverdier-psychotherapie.com\/wp-content\/uploads\/2017\/08\/enfant-intereiur-1-768x948.jpg 768w, https:\/\/www.amandineverdier-psychotherapie.com\/wp-content\/uploads\/2017\/08\/enfant-intereiur-1-571x705.jpg 571w, https:\/\/www.amandineverdier-psychotherapie.com\/wp-content\/uploads\/2017\/08\/enfant-intereiur-1-450x555.jpg 450w, https:\/\/www.amandineverdier-psychotherapie.com\/wp-content\/uploads\/2017\/08\/enfant-intereiur-1.jpg 778w\" sizes=\"auto, (max-width: 397px) 100vw, 397px\" \/><\/span><\/span><\/p>\n<\/div><\/section><\/p><\/div><\/div><\/div><\/div><!-- close content main div --><\/div><\/div><div id='after_section_1'  class='main_color av_default_container_wrap container_wrap fullsize'  ><div class='container av-section-cont-open' ><div class='template-page content  av-content-full alpha units'><div class='post-entry post-entry-type-page post-entry-1538'><div class='entry-content-wrapper clearfix'><div  class='hr av-38mmvm-7fe01693f35e2cb8d820aede0f3f1257 hr-default  avia-builder-el-6  el_after_av_section  el_before_av_one_full  avia-builder-el-first '><span class='hr-inner '><span class=\"hr-inner-style\"><\/span><\/span><\/div><\/p>\n<div  class='flex_column av-20xuia-b18b851102f7685020474b0de7660e96 av_one_full  avia-builder-el-7  el_after_av_hr  el_before_av_textblock  first flex_column_div  '     ><\/div><section  class='av_textblock_section av-2grjrm-099d89a498487d6633aa59b000d916c0 '   itemscope=\"itemscope\" itemtype=\"https:\/\/schema.org\/CreativeWork\" ><div class='avia_textblock'  itemprop=\"text\" ><p><span style=\"color: #ffffff;\">Pierrelatte 26700 &#8211; Pont-Saint-Esprit 30130 &#8211; Orange 84100 &#8211; Boll\u00e8ne 84500 &#8211; Bagnols-sur-C\u00e8ze 30200<\/span><\/p>\n<\/div><\/section><\/p>\n","protected":false},"excerpt":{"rendered":"","protected":false},"author":2,"featured_media":0,"parent":0,"menu_order":0,"comment_status":"closed","ping_status":"closed","template":"","meta":{"footnotes":""},"class_list":["post-1538","page","type-page","status-publish","hentry"],"yoast_head":"<!-- This site is optimized with the Yoast SEO plugin v27.5 - https:\/\/yoast.com\/product\/yoast-seo-wordpress\/ -->\n<title>Psychoth\u00e9rapeute-Amandine Verdier-Pont-saint-esprit 30130-Bagnols-sur-c\u00e9ze 30200<\/title>\n<meta name=\"description\" content=\"Psychoth\u00e9rapie, L\u2019intuition, cette boussole int\u00e9rieure si pr\u00e9cieuse... si vous souhaitez d\u00e9velopper cette outils que nous poss\u00e9dons tous...\" \/>\n<meta name=\"robots\" content=\"index, follow, max-snippet:-1, max-image-preview:large, max-video-preview:-1\" \/>\n<link rel=\"canonical\" href=\"https:\/\/www.amandineverdier-psychotherapie.com\/lecture-et-developpement-intuitif\/\" \/>\n<meta property=\"og:locale\" content=\"fr_FR\" \/>\n<meta property=\"og:type\" content=\"article\" \/>\n<meta property=\"og:title\" content=\"Psychoth\u00e9rapeute-Amandine Verdier-Pont-saint-esprit 30130-Bagnols-sur-c\u00e9ze 30200\" \/>\n<meta property=\"og:description\" content=\"Psychoth\u00e9rapie, L\u2019intuition, cette boussole int\u00e9rieure si pr\u00e9cieuse... si vous souhaitez d\u00e9velopper cette outils que nous poss\u00e9dons tous...\" \/>\n<meta property=\"og:url\" content=\"https:\/\/www.amandineverdier-psychotherapie.com\/lecture-et-developpement-intuitif\/\" \/>\n<meta property=\"og:site_name\" content=\"Amandine Verdier Psychoth\u00e9rapie\" \/>\n<meta property=\"article:publisher\" content=\"https:\/\/www.facebook.com\/amandine.verdier.44\/\" \/>\n<meta property=\"article:modified_time\" content=\"2025-01-11T05:51:57+00:00\" \/>\n<meta property=\"og:image\" content=\"https:\/\/www.amandineverdier-psychotherapie.com\/wp-content\/uploads\/2017\/11\/intuition-1.png\" \/>\n\t<meta property=\"og:image:width\" content=\"800\" \/>\n\t<meta property=\"og:image:height\" content=\"400\" \/>\n\t<meta property=\"og:image:type\" content=\"image\/png\" \/>\n<meta name=\"twitter:card\" content=\"summary_large_image\" \/>\n<meta name=\"twitter:label1\" content=\"Dur\u00e9e de lecture estim\u00e9e\" \/>\n\t<meta name=\"twitter:data1\" content=\"3 minutes\" \/>\n<script type=\"application\/ld+json\" class=\"yoast-schema-graph\">{\"@context\":\"https:\\\/\\\/schema.org\",\"@graph\":[{\"@type\":\"WebPage\",\"@id\":\"https:\\\/\\\/www.amandineverdier-psychotherapie.com\\\/lecture-et-developpement-intuitif\\\/\",\"url\":\"https:\\\/\\\/www.amandineverdier-psychotherapie.com\\\/lecture-et-developpement-intuitif\\\/\",\"name\":\"Psychoth\u00e9rapeute-Amandine Verdier-Pont-saint-esprit 30130-Bagnols-sur-c\u00e9ze 30200\",\"isPartOf\":{\"@id\":\"https:\\\/\\\/www.amandineverdier-psychotherapie.com\\\/#website\"},\"primaryImageOfPage\":{\"@id\":\"https:\\\/\\\/www.amandineverdier-psychotherapie.com\\\/lecture-et-developpement-intuitif\\\/#primaryimage\"},\"image\":{\"@id\":\"https:\\\/\\\/www.amandineverdier-psychotherapie.com\\\/lecture-et-developpement-intuitif\\\/#primaryimage\"},\"thumbnailUrl\":\"http:\\\/\\\/www.amandineverdier-psychotherapie.com\\\/wp-content\\\/uploads\\\/2017\\\/11\\\/intuition-1-300x150.png\",\"datePublished\":\"2017-11-11T13:15:48+00:00\",\"dateModified\":\"2025-01-11T05:51:57+00:00\",\"description\":\"Psychoth\u00e9rapie, L\u2019intuition, cette boussole int\u00e9rieure si pr\u00e9cieuse... si vous souhaitez d\u00e9velopper cette outils que nous poss\u00e9dons tous...\",\"breadcrumb\":{\"@id\":\"https:\\\/\\\/www.amandineverdier-psychotherapie.com\\\/lecture-et-developpement-intuitif\\\/#breadcrumb\"},\"inLanguage\":\"fr-FR\",\"potentialAction\":[{\"@type\":\"ReadAction\",\"target\":[\"https:\\\/\\\/www.amandineverdier-psychotherapie.com\\\/lecture-et-developpement-intuitif\\\/\"]}]},{\"@type\":\"ImageObject\",\"inLanguage\":\"fr-FR\",\"@id\":\"https:\\\/\\\/www.amandineverdier-psychotherapie.com\\\/lecture-et-developpement-intuitif\\\/#primaryimage\",\"url\":\"https:\\\/\\\/www.amandineverdier-psychotherapie.com\\\/wp-content\\\/uploads\\\/2017\\\/11\\\/intuition-1.png\",\"contentUrl\":\"https:\\\/\\\/www.amandineverdier-psychotherapie.com\\\/wp-content\\\/uploads\\\/2017\\\/11\\\/intuition-1.png\",\"width\":800,\"height\":400},{\"@type\":\"BreadcrumbList\",\"@id\":\"https:\\\/\\\/www.amandineverdier-psychotherapie.com\\\/lecture-et-developpement-intuitif\\\/#breadcrumb\",\"itemListElement\":[{\"@type\":\"ListItem\",\"position\":1,\"name\":\"Accueil\",\"item\":\"https:\\\/\\\/www.amandineverdier-psychotherapie.com\\\/\"},{\"@type\":\"ListItem\",\"position\":2,\"name\":\"Lecture et d\u00e9veloppement intuitif\"}]},{\"@type\":\"WebSite\",\"@id\":\"https:\\\/\\\/www.amandineverdier-psychotherapie.com\\\/#website\",\"url\":\"https:\\\/\\\/www.amandineverdier-psychotherapie.com\\\/\",\"name\":\"Amandine Verdier Psychoth\u00e9rapie\",\"description\":\"Amandine Verdier  sychoth\u00e9rapie\",\"publisher\":{\"@id\":\"https:\\\/\\\/www.amandineverdier-psychotherapie.com\\\/#organization\"},\"potentialAction\":[{\"@type\":\"SearchAction\",\"target\":{\"@type\":\"EntryPoint\",\"urlTemplate\":\"https:\\\/\\\/www.amandineverdier-psychotherapie.com\\\/?s={search_term_string}\"},\"query-input\":{\"@type\":\"PropertyValueSpecification\",\"valueRequired\":true,\"valueName\":\"search_term_string\"}}],\"inLanguage\":\"fr-FR\"},{\"@type\":\"Organization\",\"@id\":\"https:\\\/\\\/www.amandineverdier-psychotherapie.com\\\/#organization\",\"name\":\"Amandine Verdier Psychoth\u00e9rapie\",\"url\":\"https:\\\/\\\/www.amandineverdier-psychotherapie.com\\\/\",\"logo\":{\"@type\":\"ImageObject\",\"inLanguage\":\"fr-FR\",\"@id\":\"https:\\\/\\\/www.amandineverdier-psychotherapie.com\\\/#\\\/schema\\\/logo\\\/image\\\/\",\"url\":\"https:\\\/\\\/www.amandineverdier-psychotherapie.com\\\/wp-content\\\/uploads\\\/2018\\\/02\\\/Amandine1-2.png\",\"contentUrl\":\"https:\\\/\\\/www.amandineverdier-psychotherapie.com\\\/wp-content\\\/uploads\\\/2018\\\/02\\\/Amandine1-2.png\",\"width\":428,\"height\":131,\"caption\":\"Amandine Verdier Psychoth\u00e9rapie\"},\"image\":{\"@id\":\"https:\\\/\\\/www.amandineverdier-psychotherapie.com\\\/#\\\/schema\\\/logo\\\/image\\\/\"},\"sameAs\":[\"https:\\\/\\\/www.facebook.com\\\/amandine.verdier.44\\\/\"]}]}<\/script>\n<!-- \/ Yoast SEO plugin. -->","yoast_head_json":{"title":"Psychoth\u00e9rapeute-Amandine Verdier-Pont-saint-esprit 30130-Bagnols-sur-c\u00e9ze 30200","description":"Psychoth\u00e9rapie, L\u2019intuition, cette boussole int\u00e9rieure si pr\u00e9cieuse... si vous souhaitez d\u00e9velopper cette outils que nous poss\u00e9dons tous...","robots":{"index":"index","follow":"follow","max-snippet":"max-snippet:-1","max-image-preview":"max-image-preview:large","max-video-preview":"max-video-preview:-1"},"canonical":"https:\/\/www.amandineverdier-psychotherapie.com\/lecture-et-developpement-intuitif\/","og_locale":"fr_FR","og_type":"article","og_title":"Psychoth\u00e9rapeute-Amandine Verdier-Pont-saint-esprit 30130-Bagnols-sur-c\u00e9ze 30200","og_description":"Psychoth\u00e9rapie, L\u2019intuition, cette boussole int\u00e9rieure si pr\u00e9cieuse... si vous souhaitez d\u00e9velopper cette outils que nous poss\u00e9dons tous...","og_url":"https:\/\/www.amandineverdier-psychotherapie.com\/lecture-et-developpement-intuitif\/","og_site_name":"Amandine Verdier Psychoth\u00e9rapie","article_publisher":"https:\/\/www.facebook.com\/amandine.verdier.44\/","article_modified_time":"2025-01-11T05:51:57+00:00","og_image":[{"width":800,"height":400,"url":"https:\/\/www.amandineverdier-psychotherapie.com\/wp-content\/uploads\/2017\/11\/intuition-1.png","type":"image\/png"}],"twitter_card":"summary_large_image","twitter_misc":{"Dur\u00e9e de lecture estim\u00e9e":"3 minutes"},"schema":{"@context":"https:\/\/schema.org","@graph":[{"@type":"WebPage","@id":"https:\/\/www.amandineverdier-psychotherapie.com\/lecture-et-developpement-intuitif\/","url":"https:\/\/www.amandineverdier-psychotherapie.com\/lecture-et-developpement-intuitif\/","name":"Psychoth\u00e9rapeute-Amandine Verdier-Pont-saint-esprit 30130-Bagnols-sur-c\u00e9ze 30200","isPartOf":{"@id":"https:\/\/www.amandineverdier-psychotherapie.com\/#website"},"primaryImageOfPage":{"@id":"https:\/\/www.amandineverdier-psychotherapie.com\/lecture-et-developpement-intuitif\/#primaryimage"},"image":{"@id":"https:\/\/www.amandineverdier-psychotherapie.com\/lecture-et-developpement-intuitif\/#primaryimage"},"thumbnailUrl":"http:\/\/www.amandineverdier-psychotherapie.com\/wp-content\/uploads\/2017\/11\/intuition-1-300x150.png","datePublished":"2017-11-11T13:15:48+00:00","dateModified":"2025-01-11T05:51:57+00:00","description":"Psychoth\u00e9rapie, L\u2019intuition, cette boussole int\u00e9rieure si pr\u00e9cieuse... si vous souhaitez d\u00e9velopper cette outils que nous poss\u00e9dons tous...","breadcrumb":{"@id":"https:\/\/www.amandineverdier-psychotherapie.com\/lecture-et-developpement-intuitif\/#breadcrumb"},"inLanguage":"fr-FR","potentialAction":[{"@type":"ReadAction","target":["https:\/\/www.amandineverdier-psychotherapie.com\/lecture-et-developpement-intuitif\/"]}]},{"@type":"ImageObject","inLanguage":"fr-FR","@id":"https:\/\/www.amandineverdier-psychotherapie.com\/lecture-et-developpement-intuitif\/#primaryimage","url":"https:\/\/www.amandineverdier-psychotherapie.com\/wp-content\/uploads\/2017\/11\/intuition-1.png","contentUrl":"https:\/\/www.amandineverdier-psychotherapie.com\/wp-content\/uploads\/2017\/11\/intuition-1.png","width":800,"height":400},{"@type":"BreadcrumbList","@id":"https:\/\/www.amandineverdier-psychotherapie.com\/lecture-et-developpement-intuitif\/#breadcrumb","itemListElement":[{"@type":"ListItem","position":1,"name":"Accueil","item":"https:\/\/www.amandineverdier-psychotherapie.com\/"},{"@type":"ListItem","position":2,"name":"Lecture et d\u00e9veloppement intuitif"}]},{"@type":"WebSite","@id":"https:\/\/www.amandineverdier-psychotherapie.com\/#website","url":"https:\/\/www.amandineverdier-psychotherapie.com\/","name":"Amandine Verdier Psychoth\u00e9rapie","description":"Amandine Verdier  sychoth\u00e9rapie","publisher":{"@id":"https:\/\/www.amandineverdier-psychotherapie.com\/#organization"},"potentialAction":[{"@type":"SearchAction","target":{"@type":"EntryPoint","urlTemplate":"https:\/\/www.amandineverdier-psychotherapie.com\/?s={search_term_string}"},"query-input":{"@type":"PropertyValueSpecification","valueRequired":true,"valueName":"search_term_string"}}],"inLanguage":"fr-FR"},{"@type":"Organization","@id":"https:\/\/www.amandineverdier-psychotherapie.com\/#organization","name":"Amandine Verdier Psychoth\u00e9rapie","url":"https:\/\/www.amandineverdier-psychotherapie.com\/","logo":{"@type":"ImageObject","inLanguage":"fr-FR","@id":"https:\/\/www.amandineverdier-psychotherapie.com\/#\/schema\/logo\/image\/","url":"https:\/\/www.amandineverdier-psychotherapie.com\/wp-content\/uploads\/2018\/02\/Amandine1-2.png","contentUrl":"https:\/\/www.amandineverdier-psychotherapie.com\/wp-content\/uploads\/2018\/02\/Amandine1-2.png","width":428,"height":131,"caption":"Amandine Verdier Psychoth\u00e9rapie"},"image":{"@id":"https:\/\/www.amandineverdier-psychotherapie.com\/#\/schema\/logo\/image\/"},"sameAs":["https:\/\/www.facebook.com\/amandine.verdier.44\/"]}]}},"_links":{"self":[{"href":"https:\/\/www.amandineverdier-psychotherapie.com\/api\/wp\/v2\/pages\/1538","targetHints":{"allow":["GET"]}}],"collection":[{"href":"https:\/\/www.amandineverdier-psychotherapie.com\/api\/wp\/v2\/pages"}],"about":[{"href":"https:\/\/www.amandineverdier-psychotherapie.com\/api\/wp\/v2\/types\/page"}],"author":[{"embeddable":true,"href":"https:\/\/www.amandineverdier-psychotherapie.com\/api\/wp\/v2\/users\/2"}],"replies":[{"embeddable":true,"href":"https:\/\/www.amandineverdier-psychotherapie.com\/api\/wp\/v2\/comments?post=1538"}],"version-history":[{"count":3,"href":"https:\/\/www.amandineverdier-psychotherapie.com\/api\/wp\/v2\/pages\/1538\/revisions"}],"predecessor-version":[{"id":3263,"href":"https:\/\/www.amandineverdier-psychotherapie.com\/api\/wp\/v2\/pages\/1538\/revisions\/3263"}],"wp:attachment":[{"href":"https:\/\/www.amandineverdier-psychotherapie.com\/api\/wp\/v2\/media?parent=1538"}],"curies":[{"name":"wp","href":"https:\/\/api.w.org\/{rel}","templated":true}]}}