{"id":1535,"date":"2017-11-11T14:14:03","date_gmt":"2017-11-11T13:14:03","guid":{"rendered":"http:\/\/www.amandineverdier-psychotherapie.com\/?page_id=1535"},"modified":"2025-01-11T06:50:27","modified_gmt":"2025-01-11T05:50:27","slug":"la-reflexologie-auriculaire","status":"publish","type":"page","link":"https:\/\/www.amandineverdier-psychotherapie.com\/la-reflexologie-auriculaire\/","title":{"rendered":"La r\u00e9flexologie auriculaire"},"content":{"rendered":"\n<style type=\"text\/css\" data-created_by=\"avia_inline_auto\" id=\"style-css-av-l291en0s-43972583e52a553fc54bb5ebb5137de6\">\n.avia-section.av-l291en0s-43972583e52a553fc54bb5ebb5137de6{\nbackground-color:#7bb0e7;\nbackground-image:unset;\n}\n<\/style>\n<div id='av_section_1'  class='avia-section av-l291en0s-43972583e52a553fc54bb5ebb5137de6 main_color avia-section-default avia-no-border-styling  avia-builder-el-0  el_before_av_textblock  avia-builder-el-first  avia-bg-style-scroll container_wrap fullsize'  ><div class='container av-section-cont-open' ><main  role=\"main\" itemprop=\"mainContentOfPage\"  class='template-page content  av-content-full alpha units'><div class='post-entry post-entry-type-page post-entry-1535'><div class='entry-content-wrapper clearfix'>\n<section  class='av_textblock_section av-l291f04m-61b27f5f954156c5e587061208707b42 '   itemscope=\"itemscope\" itemtype=\"https:\/\/schema.org\/CreativeWork\" ><div class='avia_textblock'  itemprop=\"text\" ><p><img loading=\"lazy\" decoding=\"async\" class=\"alignnone size-full wp-image-3023\" src=\"https:\/\/www.amandineverdier-psychotherapie.com\/wp-content\/uploads\/2022\/04\/logo.jpg\" alt=\"\" width=\"250\" height=\"250\" srcset=\"https:\/\/www.amandineverdier-psychotherapie.com\/wp-content\/uploads\/2022\/04\/logo.jpg 250w, https:\/\/www.amandineverdier-psychotherapie.com\/wp-content\/uploads\/2022\/04\/logo-80x80.jpg 80w, https:\/\/www.amandineverdier-psychotherapie.com\/wp-content\/uploads\/2022\/04\/logo-36x36.jpg 36w, https:\/\/www.amandineverdier-psychotherapie.com\/wp-content\/uploads\/2022\/04\/logo-180x180.jpg 180w\" sizes=\"auto, (max-width: 250px) 100vw, 250px\" \/><\/p>\n<div id=\"corps\">\n<table border=\"0\" width=\"100%\" cellspacing=\"0\" cellpadding=\"0\">\n<tbody>\n<tr valign=\"top\">\n<td>\n<p class=\"justify indent\">Les neurones dans le cerveau sont interconnect\u00e9s par des signaux \u00e9lectriques et chimiques\u00a0<em>(neurotransmetteurs)<\/em>. Durant la s\u00e9ance, l&rsquo;ordinateur lit l&rsquo;activit\u00e9 \u00e9lectrique du cerveau et fait un \u00e9lectroenc\u00e9phalogramme simplifi\u00e9.<\/p>\n<p class=\"justify indent\">Chaque fois que l&rsquo;ordinateur d\u00e9tecte une anomalie dans le trac\u00e9 des ondes, c&rsquo;est-\u00e0-dire rel\u00e8ve un dysfonctionnement du cerveau, il coupe la musique \u00e0 ce moment tr\u00e8s pr\u00e9cis. Le cerveau comprend qu&rsquo;il doit se corriger tout seul, c&rsquo;est une technique d&rsquo;auto r\u00e9gulation \u00e9lectrique du cerveau.<\/p>\n<p class=\"justify indent\">Le premier objectif est de r\u00e9duire la souffrance physique et psychologique en utilisant les capacit\u00e9s naturelles d&rsquo;apprentissage et d&rsquo;auto r\u00e9gulation du cerveau. Des changements d&rsquo;ordre physique, psychologique et \u00e9motionnel apparaissent et au fur et \u00e0 mesure, le cerveau, fonctionnera de mani\u00e8re plus fluide et va \u00e9galement am\u00e9liorer ses performances, \u00eatre plus concentr\u00e9, plus intuitif, voir une meilleure organisation, et donc un meilleur fonctionnement.<\/p>\n<p class=\"justify indent\">Vous \u00eates confortablement install\u00e9 en \u00e9coutant de la musique.<\/p>\n<p><img loading=\"lazy\" decoding=\"async\" class=\"wp-image-3043 aligncenter\" src=\"https:\/\/www.amandineverdier-psychotherapie.com\/wp-content\/uploads\/2022\/04\/INFOGRAPHIE-CHARLOTTE-DUCROS-NEUROFEEDBACK-768x432-1-300x169.jpg\" alt=\"\" width=\"423\" height=\"238\" srcset=\"https:\/\/www.amandineverdier-psychotherapie.com\/wp-content\/uploads\/2022\/04\/INFOGRAPHIE-CHARLOTTE-DUCROS-NEUROFEEDBACK-768x432-1-300x169.jpg 300w, https:\/\/www.amandineverdier-psychotherapie.com\/wp-content\/uploads\/2022\/04\/INFOGRAPHIE-CHARLOTTE-DUCROS-NEUROFEEDBACK-768x432-1.jpg 768w, https:\/\/www.amandineverdier-psychotherapie.com\/wp-content\/uploads\/2022\/04\/INFOGRAPHIE-CHARLOTTE-DUCROS-NEUROFEEDBACK-768x432-1-705x397.jpg 705w\" sizes=\"auto, (max-width: 423px) 100vw, 423px\" \/><\/p>\n<p class=\"justify indent\">Des capteurs sont plac\u00e9s sur <span style=\"font-family: inherit;\">votre t\u00eate afin de capter l&rsquo;activit\u00e9 \u00e9lectrique de votre cerveau. Le logiciel de Neuroptimal analyse l&rsquo;ensemb<\/span>le de l&rsquo;activit\u00e9 \u00e9lectrique du cerveau et le traite 256 fois\/s.<\/p>\n<p class=\"justify indent\">Lorsque votre cerveau va rencontrer une turbulence sur son chemin, la musique va s&rsquo;interrompre bri\u00e8vement en synchronicit\u00e9 parfaite avec elle. Ce sont ces interruptions qui informent votre cerveau sur son activit\u00e9 afin de pouvoir s&rsquo;auto r\u00e9parer et s&rsquo;auto r\u00e9guler.<\/p>\n<p style=\"text-align: center;\">Le Neurofeedback pour toute la famille<\/p>\n<ul>\n<li>Calme, relaxation, s\u00e9r\u00e9nit\u00e9, sommeil r\u00e9parateur, plus d&rsquo;\u00e9nergie<\/li>\n<li>Plus d&rsquo;attention, de concentration, de m\u00e9moire et d&rsquo;apprentissage, vivre le moment pr\u00e9sent, confiance et sentiment d&rsquo;\u00eatre soi.<\/li>\n<li>Irritabilit\u00e9, agressivit\u00e9, stabilit\u00e9<\/li>\n<li>Meilleure gestion du stress, optimisation des performances c\u00e9r\u00e9brales<\/li>\n<li>Am\u00e9lioration des performances sportives et physiques<\/li>\n<li>Troubles digestifs, du comportement alimentaire, douleurs chroniques, hyper et hypo tension art\u00e9rielle, cardiaques<\/li>\n<li>Maladies auto-immunes\u00a0<em>(thyro\u00efdite d&rsquo;Hashimoto, maladie de Basedow et autres)<\/em><\/li>\n<li>D\u00e9pression et inqui\u00e9tudes, burn-out, nervosit\u00e9, maux de t\u00eate<\/li>\n<li>Syndrome pr\u00e9menstruel, contractions musculaires, entorse cervicale<\/li>\n<li>Autisme, Alzheimer, fibromyalgie, bi-polarit\u00e9<\/li>\n<li>Allergies, asthme, acouph\u00e8nes<\/li>\n<li>Addictions et tocs<\/li>\n<li>Dyslexie, dysorthographie, dyspraxie, dyscalculie, dysphasie,\u00a0<acronym title=\"Trouble D\u00e9ficit de l'Attention avec ou sans Hyperactivit\u00e9\">TDA\/H<\/acronym><\/li>\n<li><acronym title=\"Accident Vasculaire C\u00e9r\u00e9bral\">AVC<\/acronym>, traumatisme cr\u00e2nien, commotion c\u00e9r\u00e9brale<\/li>\n<li>scl\u00e9roses en plaques, psoriasis, ecz\u00e9ma, dermatoses<\/li>\n<li>Tous probl\u00e8mes se rapportant \u00e0 un dysfonctionnement cognitif<\/li>\n<\/ul>\n<p><img loading=\"lazy\" decoding=\"async\" class=\"size-medium wp-image-3044 aligncenter\" src=\"https:\/\/www.amandineverdier-psychotherapie.com\/wp-content\/uploads\/2022\/04\/neurofeedback-min-300x294.jpg\" alt=\"\" width=\"300\" height=\"294\" srcset=\"https:\/\/www.amandineverdier-psychotherapie.com\/wp-content\/uploads\/2022\/04\/neurofeedback-min-300x294.jpg 300w, https:\/\/www.amandineverdier-psychotherapie.com\/wp-content\/uploads\/2022\/04\/neurofeedback-min-36x36.jpg 36w, https:\/\/www.amandineverdier-psychotherapie.com\/wp-content\/uploads\/2022\/04\/neurofeedback-min.jpg 481w\" sizes=\"auto, (max-width: 300px) 100vw, 300px\" \/><\/td>\n<\/tr>\n<\/tbody>\n<\/table>\n<\/div>\n<div><\/div>\n<\/div><\/section>\n<\/div><\/div><\/main><!-- close content main element --><\/div><\/div><div id='after_section_1'  class='main_color av_default_container_wrap container_wrap fullsize'  ><div class='container av-section-cont-open' ><div class='template-page content  av-content-full alpha units'><div class='post-entry post-entry-type-page post-entry-1535'><div class='entry-content-wrapper clearfix'>\n<style type=\"text\/css\" data-created_by=\"avia_inline_auto\" id=\"style-css-av-3s2nhr-51c259579570c46608ae5cb541b5554b\">\n#top .av_textblock_section.av-3s2nhr-51c259579570c46608ae5cb541b5554b .avia_textblock{\nfont-size:21px;\n}\n<\/style>\n<section  class='av_textblock_section av-3s2nhr-51c259579570c46608ae5cb541b5554b '   itemscope=\"itemscope\" itemtype=\"https:\/\/schema.org\/CreativeWork\" ><div class='avia_textblock'  itemprop=\"text\" ><p style=\"text-align: center;\"><span style=\"color: #999999;\"><img loading=\"lazy\" decoding=\"async\" class=\"wp-image-2286 aligncenter\" src=\"http:\/\/www.amandineverdier-psychotherapie.com\/wp-content\/uploads\/2020\/01\/Auriculothe\u0301rapie-300x300.png\" alt=\"\" width=\"234\" height=\"234\" srcset=\"https:\/\/www.amandineverdier-psychotherapie.com\/wp-content\/uploads\/2020\/01\/Auriculothe\u0301rapie-300x300.png 300w, https:\/\/www.amandineverdier-psychotherapie.com\/wp-content\/uploads\/2020\/01\/Auriculothe\u0301rapie-1030x1030.png 1030w, https:\/\/www.amandineverdier-psychotherapie.com\/wp-content\/uploads\/2020\/01\/Auriculothe\u0301rapie-80x80.png 80w, https:\/\/www.amandineverdier-psychotherapie.com\/wp-content\/uploads\/2020\/01\/Auriculothe\u0301rapie-768x768.png 768w, https:\/\/www.amandineverdier-psychotherapie.com\/wp-content\/uploads\/2020\/01\/Auriculothe\u0301rapie-36x36.png 36w, https:\/\/www.amandineverdier-psychotherapie.com\/wp-content\/uploads\/2020\/01\/Auriculothe\u0301rapie-180x180.png 180w, https:\/\/www.amandineverdier-psychotherapie.com\/wp-content\/uploads\/2020\/01\/Auriculothe\u0301rapie-705x705.png 705w, https:\/\/www.amandineverdier-psychotherapie.com\/wp-content\/uploads\/2020\/01\/Auriculothe\u0301rapie-120x120.png 120w, https:\/\/www.amandineverdier-psychotherapie.com\/wp-content\/uploads\/2020\/01\/Auriculothe\u0301rapie-450x450.png 450w, https:\/\/www.amandineverdier-psychotherapie.com\/wp-content\/uploads\/2020\/01\/Auriculothe\u0301rapie.png 1080w\" sizes=\"auto, (max-width: 234px) 100vw, 234px\" \/><\/span><\/p>\n<p><span style=\"color: #999999;\">L\u2019auriculoth\u00e9rapie est une r\u00e9flexoth\u00e9rapie qui utilise le pavillon de l\u2019oreille comme clavier th\u00e9rapeutique. Elle est officiellement reconnue par l\u2019Organisation mondiale de la sant\u00e9.<\/span><\/p>\n<p><span style=\"color: #999999;\">En stimulant des points pr\u00e9cis du pavillon de l&rsquo;oreille, la r\u00e9flexologie auriculaire, permet de d\u00e9passer certains blocage notamment l&rsquo;anxi\u00e9t\u00e9, les trouble<img loading=\"lazy\" decoding=\"async\" class=\"wp-image-1595 alignright\" src=\"http:\/\/www.amandineverdier-psychotherapie.com\/wp-content\/uploads\/2017\/11\/auriculo-5-195x300.jpg\" alt=\"auriculoth\u00e9rapie psychoth\u00e9rapeute\" width=\"353\" height=\"543\" srcset=\"https:\/\/www.amandineverdier-psychotherapie.com\/wp-content\/uploads\/2017\/11\/auriculo-5-195x300.jpg 195w, https:\/\/www.amandineverdier-psychotherapie.com\/wp-content\/uploads\/2017\/11\/auriculo-5-458x705.jpg 458w, https:\/\/www.amandineverdier-psychotherapie.com\/wp-content\/uploads\/2017\/11\/auriculo-5-450x692.jpg 450w, https:\/\/www.amandineverdier-psychotherapie.com\/wp-content\/uploads\/2017\/11\/auriculo-5.jpg 650w\" sizes=\"auto, (max-width: 353px) 100vw, 353px\" \/>s du sommeil ou les addictions.<\/span><\/p>\n<p><span style=\"color: #999999;\">La cartographie du pavillon de l\u2019oreille repr\u00e9sente l&rsquo;ensemble des informations du corps. Toutes les commandes partent du cerveau et retournent au cerveau. L&rsquo;oreille se trouve \u00e0 un point strat\u00e9gique, sur le tronc c\u00e9r\u00e9bral, qui est la voie d&rsquo;aiguillage de toutes les informations du corps. A chaque fois qu\u2019un message monte ou descend du cerveau, il \u00ab\u00a0s&rsquo;affiche\u00a0\u00bb au niveau de l&rsquo;oreille. Dans le pavillon, on retrouve ainsi tout le territoire d&rsquo;innervation du corps.\u00a0\u00bb<\/span><\/p>\n<p><span style=\"color: #999999;\">Lors d&rsquo;une consultation, l&rsquo;auriculoth\u00e9rapeute utilise un d\u00e9tecteur qui enregistre au niveau du pavillon de l&rsquo;oreille la diff\u00e9rence de potentiel, exactement comme dans un circuit \u00e9lectrique. Il indique par un signal sonore le point pr\u00e9cis qui correspond au territoire de la pathologie. \u00ab En piquant ce point pr\u00e9cis, on va exciter une zone r\u00e9flexe qui permet de mettre en route le contr\u00f4le inhibiteur de la douleur dans la zone correspondante. Une fois le point rep\u00e9r\u00e9, on stimule le point pour le traiter.<img loading=\"lazy\" decoding=\"async\" class=\" wp-image-2122 alignleft\" src=\"http:\/\/www.amandineverdier-psychotherapie.com\/wp-content\/uploads\/2019\/01\/auriculotherapie4-min-300x200.jpg\" alt=\"\" width=\"474\" height=\"316\" srcset=\"https:\/\/www.amandineverdier-psychotherapie.com\/wp-content\/uploads\/2019\/01\/auriculotherapie4-min-300x200.jpg 300w, https:\/\/www.amandineverdier-psychotherapie.com\/wp-content\/uploads\/2019\/01\/auriculotherapie4-min-768x512.jpg 768w, https:\/\/www.amandineverdier-psychotherapie.com\/wp-content\/uploads\/2019\/01\/auriculotherapie4-min-705x470.jpg 705w, https:\/\/www.amandineverdier-psychotherapie.com\/wp-content\/uploads\/2019\/01\/auriculotherapie4-min-450x300.jpg 450w, https:\/\/www.amandineverdier-psychotherapie.com\/wp-content\/uploads\/2019\/01\/auriculotherapie4-min.jpg 900w\" sizes=\"auto, (max-width: 474px) 100vw, 474px\" \/><\/span><\/p>\n<p><span style=\"color: #999999;\">Derni\u00e8re chose : elle fonctionne mieux chez un patient qui n&rsquo;est pas sous m\u00e9dicament. <\/span><\/p>\n<div id=\"div-gpt-ad-1460656297524-1\" data-google-query-id=\"COqZxrG1wdcCFdUi0wodB_oDUQ\"><\/div>\n<div id=\"div-gpt-ad-1444752351860-0\" data-google-query-id=\"CPHq57G1wdcCFVIw0wodwxcG2w\"><\/div>\n<h2><\/h2>\n<h2><\/h2>\n<\/div><\/section><\/p>\n<section  class='av_textblock_section av-2l1867-83fcd7eeaafe405486fdb2d38ac167b9 '   itemscope=\"itemscope\" itemtype=\"https:\/\/schema.org\/CreativeWork\" ><div class='avia_textblock'  itemprop=\"text\" ><p><span style=\"color: #ffffff;\">Orange 84100 &#8211; Pierrelatte 26700 &#8211; Pont-Saint-Esprit 30130 &#8211; Boll\u00e8ne 84500 &#8211; Pierrelatte 26700 &#8211; Bagnols-sur-C\u00e8ze 30200<\/span><\/p>\n<\/div><\/section>\n","protected":false},"excerpt":{"rendered":"","protected":false},"author":2,"featured_media":1593,"parent":0,"menu_order":0,"comment_status":"closed","ping_status":"closed","template":"","meta":{"footnotes":""},"class_list":["post-1535","page","type-page","status-publish","has-post-thumbnail","hentry"],"yoast_head":"<!-- This site is optimized with the Yoast SEO plugin v27.5 - https:\/\/yoast.com\/product\/yoast-seo-wordpress\/ -->\n<title>Psychoth\u00e9rapie-Amandine Verdier-Pont-saint-esprit 30130-Bagnols-sur-c\u00e9ze 30200<\/title>\n<meta name=\"description\" content=\"Psychoth\u00e9rapeute, je travaille en alliance avec des outils dont l&#039;auriculoth\u00e9rapie, pour permettre de d\u00e9passer certains blocages...\" \/>\n<meta name=\"robots\" content=\"index, follow, max-snippet:-1, max-image-preview:large, max-video-preview:-1\" \/>\n<link rel=\"canonical\" href=\"https:\/\/www.amandineverdier-psychotherapie.com\/la-reflexologie-auriculaire\/\" \/>\n<meta property=\"og:locale\" content=\"fr_FR\" \/>\n<meta property=\"og:type\" content=\"article\" \/>\n<meta property=\"og:title\" content=\"Psychoth\u00e9rapie-Amandine Verdier-Pont-saint-esprit 30130-Bagnols-sur-c\u00e9ze 30200\" \/>\n<meta property=\"og:description\" content=\"Psychoth\u00e9rapeute, je travaille en alliance avec des outils dont l&#039;auriculoth\u00e9rapie, pour permettre de d\u00e9passer certains blocages...\" \/>\n<meta property=\"og:url\" content=\"https:\/\/www.amandineverdier-psychotherapie.com\/la-reflexologie-auriculaire\/\" \/>\n<meta property=\"og:site_name\" content=\"Amandine Verdier Psychoth\u00e9rapie\" \/>\n<meta property=\"article:publisher\" content=\"https:\/\/www.facebook.com\/amandine.verdier.44\/\" \/>\n<meta property=\"article:modified_time\" content=\"2025-01-11T05:50:27+00:00\" \/>\n<meta property=\"og:image\" content=\"https:\/\/www.amandineverdier-psychotherapie.com\/wp-content\/uploads\/2017\/11\/auriculo-2-min.jpg\" \/>\n\t<meta property=\"og:image:width\" content=\"303\" \/>\n\t<meta property=\"og:image:height\" content=\"167\" \/>\n\t<meta property=\"og:image:type\" content=\"image\/jpeg\" \/>\n<meta name=\"twitter:card\" content=\"summary_large_image\" \/>\n<meta name=\"twitter:label1\" content=\"Dur\u00e9e de lecture estim\u00e9e\" \/>\n\t<meta name=\"twitter:data1\" content=\"5 minutes\" \/>\n<script type=\"application\/ld+json\" class=\"yoast-schema-graph\">{\"@context\":\"https:\\\/\\\/schema.org\",\"@graph\":[{\"@type\":\"WebPage\",\"@id\":\"https:\\\/\\\/www.amandineverdier-psychotherapie.com\\\/la-reflexologie-auriculaire\\\/\",\"url\":\"https:\\\/\\\/www.amandineverdier-psychotherapie.com\\\/la-reflexologie-auriculaire\\\/\",\"name\":\"Psychoth\u00e9rapie-Amandine Verdier-Pont-saint-esprit 30130-Bagnols-sur-c\u00e9ze 30200\",\"isPartOf\":{\"@id\":\"https:\\\/\\\/www.amandineverdier-psychotherapie.com\\\/#website\"},\"primaryImageOfPage\":{\"@id\":\"https:\\\/\\\/www.amandineverdier-psychotherapie.com\\\/la-reflexologie-auriculaire\\\/#primaryimage\"},\"image\":{\"@id\":\"https:\\\/\\\/www.amandineverdier-psychotherapie.com\\\/la-reflexologie-auriculaire\\\/#primaryimage\"},\"thumbnailUrl\":\"https:\\\/\\\/www.amandineverdier-psychotherapie.com\\\/wp-content\\\/uploads\\\/2017\\\/11\\\/auriculo-2-min.jpg\",\"datePublished\":\"2017-11-11T13:14:03+00:00\",\"dateModified\":\"2025-01-11T05:50:27+00:00\",\"description\":\"Psychoth\u00e9rapeute, je travaille en alliance avec des outils dont l'auriculoth\u00e9rapie, pour permettre de d\u00e9passer certains blocages...\",\"breadcrumb\":{\"@id\":\"https:\\\/\\\/www.amandineverdier-psychotherapie.com\\\/la-reflexologie-auriculaire\\\/#breadcrumb\"},\"inLanguage\":\"fr-FR\",\"potentialAction\":[{\"@type\":\"ReadAction\",\"target\":[\"https:\\\/\\\/www.amandineverdier-psychotherapie.com\\\/la-reflexologie-auriculaire\\\/\"]}]},{\"@type\":\"ImageObject\",\"inLanguage\":\"fr-FR\",\"@id\":\"https:\\\/\\\/www.amandineverdier-psychotherapie.com\\\/la-reflexologie-auriculaire\\\/#primaryimage\",\"url\":\"https:\\\/\\\/www.amandineverdier-psychotherapie.com\\\/wp-content\\\/uploads\\\/2017\\\/11\\\/auriculo-2-min.jpg\",\"contentUrl\":\"https:\\\/\\\/www.amandineverdier-psychotherapie.com\\\/wp-content\\\/uploads\\\/2017\\\/11\\\/auriculo-2-min.jpg\",\"width\":303,\"height\":167,\"caption\":\"auriculoth\u00e9rapie psychoth\u00e9rapeute\"},{\"@type\":\"BreadcrumbList\",\"@id\":\"https:\\\/\\\/www.amandineverdier-psychotherapie.com\\\/la-reflexologie-auriculaire\\\/#breadcrumb\",\"itemListElement\":[{\"@type\":\"ListItem\",\"position\":1,\"name\":\"Accueil\",\"item\":\"https:\\\/\\\/www.amandineverdier-psychotherapie.com\\\/\"},{\"@type\":\"ListItem\",\"position\":2,\"name\":\"La r\u00e9flexologie auriculaire\"}]},{\"@type\":\"WebSite\",\"@id\":\"https:\\\/\\\/www.amandineverdier-psychotherapie.com\\\/#website\",\"url\":\"https:\\\/\\\/www.amandineverdier-psychotherapie.com\\\/\",\"name\":\"Amandine Verdier Psychoth\u00e9rapie\",\"description\":\"Amandine Verdier  sychoth\u00e9rapie\",\"publisher\":{\"@id\":\"https:\\\/\\\/www.amandineverdier-psychotherapie.com\\\/#organization\"},\"potentialAction\":[{\"@type\":\"SearchAction\",\"target\":{\"@type\":\"EntryPoint\",\"urlTemplate\":\"https:\\\/\\\/www.amandineverdier-psychotherapie.com\\\/?s={search_term_string}\"},\"query-input\":{\"@type\":\"PropertyValueSpecification\",\"valueRequired\":true,\"valueName\":\"search_term_string\"}}],\"inLanguage\":\"fr-FR\"},{\"@type\":\"Organization\",\"@id\":\"https:\\\/\\\/www.amandineverdier-psychotherapie.com\\\/#organization\",\"name\":\"Amandine Verdier Psychoth\u00e9rapie\",\"url\":\"https:\\\/\\\/www.amandineverdier-psychotherapie.com\\\/\",\"logo\":{\"@type\":\"ImageObject\",\"inLanguage\":\"fr-FR\",\"@id\":\"https:\\\/\\\/www.amandineverdier-psychotherapie.com\\\/#\\\/schema\\\/logo\\\/image\\\/\",\"url\":\"https:\\\/\\\/www.amandineverdier-psychotherapie.com\\\/wp-content\\\/uploads\\\/2018\\\/02\\\/Amandine1-2.png\",\"contentUrl\":\"https:\\\/\\\/www.amandineverdier-psychotherapie.com\\\/wp-content\\\/uploads\\\/2018\\\/02\\\/Amandine1-2.png\",\"width\":428,\"height\":131,\"caption\":\"Amandine Verdier Psychoth\u00e9rapie\"},\"image\":{\"@id\":\"https:\\\/\\\/www.amandineverdier-psychotherapie.com\\\/#\\\/schema\\\/logo\\\/image\\\/\"},\"sameAs\":[\"https:\\\/\\\/www.facebook.com\\\/amandine.verdier.44\\\/\"]}]}<\/script>\n<!-- \/ Yoast SEO plugin. -->","yoast_head_json":{"title":"Psychoth\u00e9rapie-Amandine Verdier-Pont-saint-esprit 30130-Bagnols-sur-c\u00e9ze 30200","description":"Psychoth\u00e9rapeute, je travaille en alliance avec des outils dont l'auriculoth\u00e9rapie, pour permettre de d\u00e9passer certains blocages...","robots":{"index":"index","follow":"follow","max-snippet":"max-snippet:-1","max-image-preview":"max-image-preview:large","max-video-preview":"max-video-preview:-1"},"canonical":"https:\/\/www.amandineverdier-psychotherapie.com\/la-reflexologie-auriculaire\/","og_locale":"fr_FR","og_type":"article","og_title":"Psychoth\u00e9rapie-Amandine Verdier-Pont-saint-esprit 30130-Bagnols-sur-c\u00e9ze 30200","og_description":"Psychoth\u00e9rapeute, je travaille en alliance avec des outils dont l'auriculoth\u00e9rapie, pour permettre de d\u00e9passer certains blocages...","og_url":"https:\/\/www.amandineverdier-psychotherapie.com\/la-reflexologie-auriculaire\/","og_site_name":"Amandine Verdier Psychoth\u00e9rapie","article_publisher":"https:\/\/www.facebook.com\/amandine.verdier.44\/","article_modified_time":"2025-01-11T05:50:27+00:00","og_image":[{"width":303,"height":167,"url":"https:\/\/www.amandineverdier-psychotherapie.com\/wp-content\/uploads\/2017\/11\/auriculo-2-min.jpg","type":"image\/jpeg"}],"twitter_card":"summary_large_image","twitter_misc":{"Dur\u00e9e de lecture estim\u00e9e":"5 minutes"},"schema":{"@context":"https:\/\/schema.org","@graph":[{"@type":"WebPage","@id":"https:\/\/www.amandineverdier-psychotherapie.com\/la-reflexologie-auriculaire\/","url":"https:\/\/www.amandineverdier-psychotherapie.com\/la-reflexologie-auriculaire\/","name":"Psychoth\u00e9rapie-Amandine Verdier-Pont-saint-esprit 30130-Bagnols-sur-c\u00e9ze 30200","isPartOf":{"@id":"https:\/\/www.amandineverdier-psychotherapie.com\/#website"},"primaryImageOfPage":{"@id":"https:\/\/www.amandineverdier-psychotherapie.com\/la-reflexologie-auriculaire\/#primaryimage"},"image":{"@id":"https:\/\/www.amandineverdier-psychotherapie.com\/la-reflexologie-auriculaire\/#primaryimage"},"thumbnailUrl":"https:\/\/www.amandineverdier-psychotherapie.com\/wp-content\/uploads\/2017\/11\/auriculo-2-min.jpg","datePublished":"2017-11-11T13:14:03+00:00","dateModified":"2025-01-11T05:50:27+00:00","description":"Psychoth\u00e9rapeute, je travaille en alliance avec des outils dont l'auriculoth\u00e9rapie, pour permettre de d\u00e9passer certains blocages...","breadcrumb":{"@id":"https:\/\/www.amandineverdier-psychotherapie.com\/la-reflexologie-auriculaire\/#breadcrumb"},"inLanguage":"fr-FR","potentialAction":[{"@type":"ReadAction","target":["https:\/\/www.amandineverdier-psychotherapie.com\/la-reflexologie-auriculaire\/"]}]},{"@type":"ImageObject","inLanguage":"fr-FR","@id":"https:\/\/www.amandineverdier-psychotherapie.com\/la-reflexologie-auriculaire\/#primaryimage","url":"https:\/\/www.amandineverdier-psychotherapie.com\/wp-content\/uploads\/2017\/11\/auriculo-2-min.jpg","contentUrl":"https:\/\/www.amandineverdier-psychotherapie.com\/wp-content\/uploads\/2017\/11\/auriculo-2-min.jpg","width":303,"height":167,"caption":"auriculoth\u00e9rapie psychoth\u00e9rapeute"},{"@type":"BreadcrumbList","@id":"https:\/\/www.amandineverdier-psychotherapie.com\/la-reflexologie-auriculaire\/#breadcrumb","itemListElement":[{"@type":"ListItem","position":1,"name":"Accueil","item":"https:\/\/www.amandineverdier-psychotherapie.com\/"},{"@type":"ListItem","position":2,"name":"La r\u00e9flexologie auriculaire"}]},{"@type":"WebSite","@id":"https:\/\/www.amandineverdier-psychotherapie.com\/#website","url":"https:\/\/www.amandineverdier-psychotherapie.com\/","name":"Amandine Verdier Psychoth\u00e9rapie","description":"Amandine Verdier  sychoth\u00e9rapie","publisher":{"@id":"https:\/\/www.amandineverdier-psychotherapie.com\/#organization"},"potentialAction":[{"@type":"SearchAction","target":{"@type":"EntryPoint","urlTemplate":"https:\/\/www.amandineverdier-psychotherapie.com\/?s={search_term_string}"},"query-input":{"@type":"PropertyValueSpecification","valueRequired":true,"valueName":"search_term_string"}}],"inLanguage":"fr-FR"},{"@type":"Organization","@id":"https:\/\/www.amandineverdier-psychotherapie.com\/#organization","name":"Amandine Verdier Psychoth\u00e9rapie","url":"https:\/\/www.amandineverdier-psychotherapie.com\/","logo":{"@type":"ImageObject","inLanguage":"fr-FR","@id":"https:\/\/www.amandineverdier-psychotherapie.com\/#\/schema\/logo\/image\/","url":"https:\/\/www.amandineverdier-psychotherapie.com\/wp-content\/uploads\/2018\/02\/Amandine1-2.png","contentUrl":"https:\/\/www.amandineverdier-psychotherapie.com\/wp-content\/uploads\/2018\/02\/Amandine1-2.png","width":428,"height":131,"caption":"Amandine Verdier Psychoth\u00e9rapie"},"image":{"@id":"https:\/\/www.amandineverdier-psychotherapie.com\/#\/schema\/logo\/image\/"},"sameAs":["https:\/\/www.facebook.com\/amandine.verdier.44\/"]}]}},"_links":{"self":[{"href":"https:\/\/www.amandineverdier-psychotherapie.com\/api\/wp\/v2\/pages\/1535","targetHints":{"allow":["GET"]}}],"collection":[{"href":"https:\/\/www.amandineverdier-psychotherapie.com\/api\/wp\/v2\/pages"}],"about":[{"href":"https:\/\/www.amandineverdier-psychotherapie.com\/api\/wp\/v2\/types\/page"}],"author":[{"embeddable":true,"href":"https:\/\/www.amandineverdier-psychotherapie.com\/api\/wp\/v2\/users\/2"}],"replies":[{"embeddable":true,"href":"https:\/\/www.amandineverdier-psychotherapie.com\/api\/wp\/v2\/comments?post=1535"}],"version-history":[{"count":2,"href":"https:\/\/www.amandineverdier-psychotherapie.com\/api\/wp\/v2\/pages\/1535\/revisions"}],"predecessor-version":[{"id":3262,"href":"https:\/\/www.amandineverdier-psychotherapie.com\/api\/wp\/v2\/pages\/1535\/revisions\/3262"}],"wp:featuredmedia":[{"embeddable":true,"href":"https:\/\/www.amandineverdier-psychotherapie.com\/api\/wp\/v2\/media\/1593"}],"wp:attachment":[{"href":"https:\/\/www.amandineverdier-psychotherapie.com\/api\/wp\/v2\/media?parent=1535"}],"curies":[{"name":"wp","href":"https:\/\/api.w.org\/{rel}","templated":true}]}}